{"id":14144,"date":"2021-03-28T21:46:47","date_gmt":"2021-03-29T00:46:47","guid":{"rendered":"https:\/\/iomodontologia.com.br\/?post_type=project&#038;p=14144"},"modified":"2021-04-19T15:27:16","modified_gmt":"2021-04-19T18:27:16","slug":"ortodontia","status":"publish","type":"project","link":"https:\/\/iomodontologia.com.br\/index.php\/tratamento\/ortodontia\/","title":{"rendered":"Ortodontia"},"content":{"rendered":"<div id=\"cmsmasters_row_13x37qklg9\" class=\"cmsmasters_row cmsmasters_color_scheme_default cmsmasters_row_top_default cmsmasters_row_bot_default cmsmasters_row_boxed\">\n<div class=\"cmsmasters_row_outer_parent\">\n<div class=\"cmsmasters_row_outer\">\n<div class=\"cmsmasters_row_inner\">\n<div class=\"cmsmasters_row_margin\">\n<div id=\"cmsmasters_column_\" class=\"cmsmasters_column one_half\">\n<div class=\"cmsmasters_column_inner\"><div class=\"cmsmasters_img  cmsmasters_image_n\"><img decoding=\"async\" src=\"https:\/\/iomodontologia.com.br\/wp-content\/uploads\/2021\/03\/Ortopedia-IOM-mogi-das-cruzes-guararema-1024x683.jpg\" \/><\/div>\n<\/div><\/div>\n<div id=\"cmsmasters_column_ds0nt91y05\" class=\"cmsmasters_column one_half\">\n<div class=\"cmsmasters_column_inner\"><div class=\"cmsmasters_text\">\n<div align=\"justify\">\n<p id=\"u2199-2\"><b>Ortodontia<\/b>\u00a0\u00e9 o ramo da odontologia especializada no diagn\u00f3stico, preven\u00e7\u00e3o e tratamento das irregularidades dentais e faciais. O termo t\u00e9cnico para estes problemas \u00e9 \u201cm\u00e1-oclus\u00e3o\u201d, que significa uma rela\u00e7\u00e3o de contato incorreta entre os dentes superiores e inferiores. A Ortodontia visa \u00e0 harmonia entre dentes, l\u00e1bios e ossos maxilares, proporcionando um equilibro facial adequado.<\/p>\n<p id=\"u2199-5\">Dentes tortos ou dentes que n\u00e3o se encaixam corretamente s\u00e3o dif\u00edceis de serem mantidos limpos, podendo ser perdidos precocemente, devido \u00e0 deteriora\u00e7\u00e3o e \u00e0 doen\u00e7a periodontal. Tamb\u00e9m causam um estresse adicional aos m\u00fasculos de mastiga\u00e7\u00e3o que pode levar a dores de cabe\u00e7a, s\u00edndrome da ATM e dores na regi\u00e3o do pesco\u00e7o, dos ombros e das costas. Os dentes tortos ou mal posicionados tamb\u00e9m prejudicam a sua apar\u00eancia.<\/p>\n<p id=\"u2199-8\">O tratamento ortod\u00f4ntico torna a boca mais saud\u00e1vel, proporciona uma apar\u00eancia mais agrad\u00e1vel e dentes com possibilidade de durar a vida toda.<\/p>\n<h3><strong>Aparelhos m\u00f3veis, remov\u00edveis ou ortop\u00e9dicos:<\/strong><\/h3>\n<p>S\u00e3o aqueles que ficam encaixados na boca e podem ser retirados pelo paciente a qualquer momento. S\u00e3o constitu\u00eddos por resina acr\u00edlica, podendo ser coloridos e com fios met\u00e1licos. S\u00e3o destinados aos pacientes que precisam corrigir discrep\u00e2ncias \u00f3sseas e alguns movimentos dent\u00e1rios. Alguns aparelhos m\u00f3veis servem como contensores para manter a posi\u00e7\u00e3o de dentes que foram movimentados pelos aparelhos fixos.<br \/>\nOs aparelhos ortop\u00e9dicos s\u00e3o utilizados em crian\u00e7as em fase de crescimento. Eles promovem altera\u00e7\u00f5es \u00f3sseas, visando conter ou expandir os maxilares, dependendo da necessidade do paciente.<\/p>\n<h3><strong>APARELHOS AUTOLIGADOS<\/strong><\/h3>\n<p>A grande vantagem desses aparelhos em rela\u00e7\u00e3o aos convencionais \u00e9 a redu\u00e7\u00e3o no tempo de tratamento e a maior facilidade na higieniza\u00e7\u00e3o, pois dispensam o uso dos alastics ( borrachinhas).<\/p>\n<p>Essa tecnologia \u00e9 poss\u00edvel gra\u00e7as a uma estrutura adaptada aos braquetes (clip) que permite que a movimenta\u00e7\u00e3o dos dentes seja feita com menor atrito, ou seja, de maneira mais r\u00e1pida.<\/p>\n<p>Isso proporciona tamb\u00e9m menos desconforto aos pacientes pois, a for\u00e7a aplicada aos dentes \u00e9 de menor intensidade.<\/p>\n<p>Existem tamb\u00e9m as vers\u00f5es est\u00e9ticas, com pe\u00e7as mais discretas e que deixam o sorriso mais \u201dlimpo\u201d durante o tratamento.<\/p>\n<p>A ortodontia avan\u00e7ou muito com esta nova tecnologia pois assim, os tratamentos ortod\u00f4nticos ficam menos extensos e cansativos.<\/p>\n<h3>Aparelhos Ortod\u00f4nticos Est\u00e9ticos:<\/h3>\n<p>Os aparelhos est\u00e9ticos foram criados com a inten\u00e7\u00e3o de proporcionar o tratamento adequado ao paciente, valendo-se de uma harmonia visual mais discreta.<\/p>\n<p>Esses aparelhos geralmente s\u00e3o feitos em porcelana, material que \u201cimita&#8221; a cor original dos dentes.<\/p>\n<\/div>\n<\/div>\n<\/div><\/div>\n<\/div>\n<\/div>\n<\/div>\n<\/div>\n<\/div>\n<div id=\"cmsmasters_row_c8aodq49w\" class=\"cmsmasters_row cmsmasters_color_scheme_default cmsmasters_row_top_default cmsmasters_row_bot_default cmsmasters_row_boxed\">\n<div class=\"cmsmasters_row_outer_parent\">\n<div class=\"cmsmasters_row_outer\">\n<div class=\"cmsmasters_row_inner\">\n<div class=\"cmsmasters_row_margin\">\n<div id=\"cmsmasters_column_6ydgnd2ssi\" class=\"cmsmasters_column one_half\">\n<div class=\"cmsmasters_column_inner\"><div id=\"cmsmasters_heading_xbpsr42oo\" class=\"cmsmasters_heading_wrap cmsmasters_heading_align_center\">\n\t<h2 class=\"cmsmasters_heading\">Mogi das Cruzes<\/h2>\n<\/div><div id=\"cmsmasters_button_je8z286soe\" class=\"button_wrap\"><a href=\"https:\/\/api.whatsapp.com\/send?phone=5511984450119\" class=\"cmsmasters_button\" target=\"_blank\"><span>Agende pelo WhatsApp<\/span><\/a><\/div>\n<\/div><\/div>\n<div id=\"cmsmasters_column_pt8k6kl0vc\" class=\"cmsmasters_column one_half\">\n<div class=\"cmsmasters_column_inner\"><div id=\"cmsmasters_heading_yydapyntk\" class=\"cmsmasters_heading_wrap cmsmasters_heading_align_center\">\n\t<h2 class=\"cmsmasters_heading\">Guararema<\/h2>\n<\/div><div id=\"cmsmasters_button_n83o4jvzq\" class=\"button_wrap\"><a href=\"https:\/\/api.whatsapp.com\/send?phone=5511960127777\" class=\"cmsmasters_button\" target=\"_blank\"><span>Agende pelo WhatsApp<\/span><\/a><\/div>\n<\/div><\/div>\n<\/div>\n<\/div>\n<\/div>\n<\/div>\n<\/div>\n<div id=\"cmsmasters_row_rt0etoapdk\" class=\"cmsmasters_row cmsmasters_color_scheme_default cmsmasters_row_top_default cmsmasters_row_bot_default cmsmasters_row_boxed\">\n<div class=\"cmsmasters_row_outer_parent\">\n<div class=\"cmsmasters_row_outer\">\n<div class=\"cmsmasters_row_inner\">\n<div class=\"cmsmasters_row_margin\">\n<div id=\"cmsmasters_column_8h2rs5ff67\" class=\"cmsmasters_column one_first\">\n<div class=\"cmsmasters_column_inner\"><div class=\"cmsmasters_text\">\n<div id=\"cmsmasters_heading_5f5lwny9te\" class=\"cmsmasters_heading_wrap cmsmasters_heading_align_left\">\n\t<h3 class=\"cmsmasters_heading\"> Pr\u00e9-Agendamento<\/h3>\n<\/div><div class=\"cmsmasters_contact_form\">\n<div class=\"wpcf7 no-js\" id=\"wpcf7-f12468-o1\" lang=\"en-US\" dir=\"ltr\" data-wpcf7-id=\"12468\">\n<div class=\"screen-reader-response\"><p role=\"status\" aria-live=\"polite\" aria-atomic=\"true\"><\/p> <ul><\/ul><\/div>\n<form action=\"\/index.php\/wp-json\/wp\/v2\/project\/14144#wpcf7-f12468-o1\" method=\"post\" class=\"wpcf7-form init\" aria-label=\"Contact form\" novalidate=\"novalidate\" data-status=\"init\">\n<fieldset class=\"hidden-fields-container\"><input type=\"hidden\" name=\"_wpcf7\" value=\"12468\" \/><input type=\"hidden\" name=\"_wpcf7_version\" value=\"6.1.5\" \/><input type=\"hidden\" name=\"_wpcf7_locale\" value=\"en_US\" \/><input type=\"hidden\" name=\"_wpcf7_unit_tag\" value=\"wpcf7-f12468-o1\" \/><input type=\"hidden\" name=\"_wpcf7_container_post\" value=\"0\" \/><input type=\"hidden\" name=\"_wpcf7_posted_data_hash\" value=\"\" \/><input type=\"hidden\" name=\"_wpcf7_recaptcha_response\" value=\"\" \/>\n<\/fieldset>\n<div class=\"cmsmasters_row_margin cmsmasters_1212\">\n\t<div class=\"cmsmasters_column one_half\">\n\t\t<p><br \/>\n<span class=\"wpcf7-form-control-wrap\" data-name=\"menu-372\"><select class=\"wpcf7-form-control wpcf7-select\" aria-invalid=\"false\" name=\"menu-372\"><option value=\"Selecione Departamento\">Selecione Departamento<\/option><option value=\"Endodontia\">Endodontia<\/option><option value=\"Pr\u00f3teses e Reabilita\u00e7\u00e3o Oral\">Pr\u00f3teses e Reabilita\u00e7\u00e3o Oral<\/option><option value=\"Implante\">Implante<\/option><option value=\"Ortodontia\">Ortodontia<\/option><option value=\"Ortopedia\">Ortopedia<\/option><option value=\"Harmoniza\u00e7\u00e3o Facial\">Harmoniza\u00e7\u00e3o Facial<\/option><\/select><\/span>\n\t\t<\/p>\n\t\t<p><br \/>\n<span class=\"wpcf7-form-control-wrap\" data-name=\"your-name\"><input size=\"40\" maxlength=\"400\" class=\"wpcf7-form-control wpcf7-text\" aria-invalid=\"false\" placeholder=\"Nome Completo\" value=\"\" type=\"text\" name=\"your-name\" \/><\/span>\n\t\t<\/p>\n\t\t<p><br \/>\n<span class=\"wpcf7-form-control-wrap\" data-name=\"your-email\"><input size=\"40\" maxlength=\"400\" class=\"wpcf7-form-control wpcf7-text\" aria-invalid=\"false\" placeholder=\"Email\" value=\"\" type=\"text\" name=\"your-email\" \/><\/span>\n\t\t<\/p>\n\t<\/div>\n\t<div class=\"cmsmasters_column one_half\">\n\t\t<p><br \/>\n<span class=\"wpcf7-form-control-wrap\" data-name=\"menu-373\"><select class=\"wpcf7-form-control wpcf7-select\" aria-invalid=\"false\" name=\"menu-373\"><option value=\"Selecione Doutor(a)\">Selecione Doutor(a)<\/option><option value=\"Dr. Alexandre Balbi\">Dr. Alexandre Balbi<\/option><option value=\"Dra. Christiane Aparecida Santos Miyazaki\">Dra. Christiane Aparecida Santos Miyazaki<\/option><option value=\"Dra Renata Faganelli\">Dra Renata Faganelli<\/option><option value=\"Dra. Claudia Nascimento\">Dra. Claudia Nascimento<\/option><option value=\"Dr. Jo\u00e3o Vitor Palazzi\">Dr. Jo\u00e3o Vitor Palazzi<\/option><option value=\"Dra. Beatriz Cardoso\">Dra. Beatriz Cardoso<\/option><option value=\"Dra. Nilza Oliveira\">Dra. Nilza Oliveira<\/option><\/select><\/span>\n\t\t<\/p>\n\t\t<p><br \/>\n<span class=\"wpcf7-form-control-wrap\" data-name=\"phone\"><input size=\"40\" maxlength=\"400\" class=\"wpcf7-form-control wpcf7-tel wpcf7-text wpcf7-validates-as-tel\" aria-invalid=\"false\" placeholder=\"Telefone\" value=\"\" type=\"tel\" name=\"phone\" \/><\/span>\n\t\t<\/p>\n\t\t<p><span class=\"wpcf7-form-control-wrap\" data-name=\"date\"><input class=\"wpcf7-form-control wpcf7-date wpcf7-validates-as-required wpcf7-validates-as-date\" aria-required=\"true\" aria-invalid=\"false\" value=\"\" type=\"date\" name=\"date\" \/><\/span>\n\t\t<\/p>\n\t<\/div>\n<\/div>\n<div class=\"cmsmasters_row_margin cmsmasters_11\">\n\t<div class=\"cmsmasters_column one_first\">\n\t\t<p><input class=\"wpcf7-form-control wpcf7-submit has-spinner\" type=\"submit\" value=\"Pr\u00e9-agendamento\" \/>\n\t\t<\/p>\n\t<\/div>\n<\/div><div class=\"wpcf7-response-output\" aria-hidden=\"true\"><\/div>\n<\/form>\n<\/div>\n<\/div>\n<\/div>\n<\/div><\/div>\n<\/div>\n<\/div>\n<\/div>\n<\/div>\n<\/div>\n\n","protected":false},"excerpt":{"rendered":"<p>Ortodontia\u00a0\u00e9 o ramo da odontologia especializada no diagn\u00f3stico, preven\u00e7\u00e3o e tratamento das irregularidades dentais e faciais. O termo t\u00e9cnico para estes problemas \u00e9 \u201cm\u00e1-oclus\u00e3o\u201d, que significa uma rela\u00e7\u00e3o de contato incorreta entre os dentes superiores e inferiores. <\/p>\n","protected":false},"author":1,"featured_media":14153,"menu_order":0,"comment_status":"open","ping_status":"open","template":"","format":"standard","meta":{"_joinchat":[],"footnotes":""},"pj-categs":[77],"pj-tags":[],"class_list":["post-14144","project","type-project","status-publish","format-standard","has-post-thumbnail","hentry","pj-categs-tratamentos"],"yoast_head":"<!-- This site is optimized with the Yoast SEO plugin v26.8 - https:\/\/yoast.com\/product\/yoast-seo-wordpress\/ -->\n<title>Ortodontia - IOM - INSTITUTO ODONTOL\u00d3GICO<\/title>\n<meta name=\"robots\" content=\"index, follow, max-snippet:-1, max-image-preview:large, max-video-preview:-1\" \/>\n<link rel=\"canonical\" href=\"https:\/\/iomodontologia.com.br\/index.php\/tratamento\/ortodontia\/\" \/>\n<meta property=\"og:locale\" content=\"pt_BR\" \/>\n<meta property=\"og:type\" content=\"article\" \/>\n<meta property=\"og:title\" content=\"Ortodontia - IOM - INSTITUTO ODONTOL\u00d3GICO\" \/>\n<meta property=\"og:description\" content=\"Ortodontia\u00a0\u00e9 o ramo da odontologia especializada no diagn\u00f3stico, preven\u00e7\u00e3o e tratamento das irregularidades dentais e faciais. O termo t\u00e9cnico para estes problemas \u00e9 \u201cm\u00e1-oclus\u00e3o\u201d, que significa uma rela\u00e7\u00e3o de contato incorreta entre os dentes superiores e inferiores.\" \/>\n<meta property=\"og:url\" content=\"https:\/\/iomodontologia.com.br\/index.php\/tratamento\/ortodontia\/\" \/>\n<meta property=\"og:site_name\" content=\"IOM - INSTITUTO ODONTOL\u00d3GICO\" \/>\n<meta property=\"article:publisher\" content=\"https:\/\/www.facebook.com\/iomodontologia\" \/>\n<meta property=\"article:modified_time\" content=\"2021-04-19T18:27:16+00:00\" \/>\n<meta property=\"og:image\" content=\"https:\/\/iomodontologia.com.br\/wp-content\/uploads\/2021\/03\/Ortopedia-IOM-mogi-das-cruzes-guararema.jpg\" \/>\n\t<meta property=\"og:image:width\" content=\"1920\" \/>\n\t<meta property=\"og:image:height\" content=\"1281\" \/>\n\t<meta property=\"og:image:type\" content=\"image\/jpeg\" \/>\n<meta name=\"twitter:card\" content=\"summary_large_image\" \/>\n<meta name=\"twitter:label1\" content=\"Est. tempo de leitura\" \/>\n\t<meta name=\"twitter:data1\" content=\"1 minuto\" \/>\n<script type=\"application\/ld+json\" class=\"yoast-schema-graph\">{\"@context\":\"https:\/\/schema.org\",\"@graph\":[{\"@type\":\"WebPage\",\"@id\":\"https:\/\/iomodontologia.com.br\/index.php\/tratamento\/ortodontia\/\",\"url\":\"https:\/\/iomodontologia.com.br\/index.php\/tratamento\/ortodontia\/\",\"name\":\"Ortodontia - IOM - INSTITUTO ODONTOL\u00d3GICO\",\"isPartOf\":{\"@id\":\"https:\/\/iomodontologia.com.br\/#website\"},\"primaryImageOfPage\":{\"@id\":\"https:\/\/iomodontologia.com.br\/index.php\/tratamento\/ortodontia\/#primaryimage\"},\"image\":{\"@id\":\"https:\/\/iomodontologia.com.br\/index.php\/tratamento\/ortodontia\/#primaryimage\"},\"thumbnailUrl\":\"https:\/\/iomodontologia.com.br\/wp-content\/uploads\/2021\/03\/Ortopedia-IOM-mogi-das-cruzes-guararema.jpg\",\"datePublished\":\"2021-03-29T00:46:47+00:00\",\"dateModified\":\"2021-04-19T18:27:16+00:00\",\"breadcrumb\":{\"@id\":\"https:\/\/iomodontologia.com.br\/index.php\/tratamento\/ortodontia\/#breadcrumb\"},\"inLanguage\":\"pt-BR\",\"potentialAction\":[{\"@type\":\"ReadAction\",\"target\":[\"https:\/\/iomodontologia.com.br\/index.php\/tratamento\/ortodontia\/\"]}]},{\"@type\":\"ImageObject\",\"inLanguage\":\"pt-BR\",\"@id\":\"https:\/\/iomodontologia.com.br\/index.php\/tratamento\/ortodontia\/#primaryimage\",\"url\":\"https:\/\/iomodontologia.com.br\/wp-content\/uploads\/2021\/03\/Ortopedia-IOM-mogi-das-cruzes-guararema.jpg\",\"contentUrl\":\"https:\/\/iomodontologia.com.br\/wp-content\/uploads\/2021\/03\/Ortopedia-IOM-mogi-das-cruzes-guararema.jpg\",\"width\":1920,\"height\":1281},{\"@type\":\"BreadcrumbList\",\"@id\":\"https:\/\/iomodontologia.com.br\/index.php\/tratamento\/ortodontia\/#breadcrumb\",\"itemListElement\":[{\"@type\":\"ListItem\",\"position\":1,\"name\":\"Home\",\"item\":\"https:\/\/iomodontologia.com.br\/\"},{\"@type\":\"ListItem\",\"position\":2,\"name\":\"Projects\",\"item\":\"https:\/\/iomodontologia.com.br\/index.php\/tratamento\/\"},{\"@type\":\"ListItem\",\"position\":3,\"name\":\"Ortodontia\"}]},{\"@type\":\"WebSite\",\"@id\":\"https:\/\/iomodontologia.com.br\/#website\",\"url\":\"https:\/\/iomodontologia.com.br\/\",\"name\":\"IOM - INSTITUTO ODONTOL\u00d3GICO\",\"description\":\"CL\u00cdNICA ODONTOL\u00d3GICA\",\"publisher\":{\"@id\":\"https:\/\/iomodontologia.com.br\/#organization\"},\"potentialAction\":[{\"@type\":\"SearchAction\",\"target\":{\"@type\":\"EntryPoint\",\"urlTemplate\":\"https:\/\/iomodontologia.com.br\/?s={search_term_string}\"},\"query-input\":{\"@type\":\"PropertyValueSpecification\",\"valueRequired\":true,\"valueName\":\"search_term_string\"}}],\"inLanguage\":\"pt-BR\"},{\"@type\":\"Organization\",\"@id\":\"https:\/\/iomodontologia.com.br\/#organization\",\"name\":\"IOM - Instituto Odontol\u00f3gico Mogiano\",\"url\":\"https:\/\/iomodontologia.com.br\/\",\"logo\":{\"@type\":\"ImageObject\",\"inLanguage\":\"pt-BR\",\"@id\":\"https:\/\/iomodontologia.com.br\/#\/schema\/logo\/image\/\",\"url\":\"https:\/\/iomodontologia.com.br\/wp-content\/uploads\/2019\/11\/IOM-Logo-slogan.png\",\"contentUrl\":\"https:\/\/iomodontologia.com.br\/wp-content\/uploads\/2019\/11\/IOM-Logo-slogan.png\",\"width\":2000,\"height\":858,\"caption\":\"IOM - Instituto Odontol\u00f3gico Mogiano\"},\"image\":{\"@id\":\"https:\/\/iomodontologia.com.br\/#\/schema\/logo\/image\/\"},\"sameAs\":[\"https:\/\/www.facebook.com\/iomodontologia\",\"https:\/\/www.instagram.com\/iom.odonto\"]}]}<\/script>\n<!-- \/ Yoast SEO plugin. -->","yoast_head_json":{"title":"Ortodontia - IOM - INSTITUTO ODONTOL\u00d3GICO","robots":{"index":"index","follow":"follow","max-snippet":"max-snippet:-1","max-image-preview":"max-image-preview:large","max-video-preview":"max-video-preview:-1"},"canonical":"https:\/\/iomodontologia.com.br\/index.php\/tratamento\/ortodontia\/","og_locale":"pt_BR","og_type":"article","og_title":"Ortodontia - IOM - INSTITUTO ODONTOL\u00d3GICO","og_description":"Ortodontia\u00a0\u00e9 o ramo da odontologia especializada no diagn\u00f3stico, preven\u00e7\u00e3o e tratamento das irregularidades dentais e faciais. O termo t\u00e9cnico para estes problemas \u00e9 \u201cm\u00e1-oclus\u00e3o\u201d, que significa uma rela\u00e7\u00e3o de contato incorreta entre os dentes superiores e inferiores.","og_url":"https:\/\/iomodontologia.com.br\/index.php\/tratamento\/ortodontia\/","og_site_name":"IOM - INSTITUTO ODONTOL\u00d3GICO","article_publisher":"https:\/\/www.facebook.com\/iomodontologia","article_modified_time":"2021-04-19T18:27:16+00:00","og_image":[{"width":1920,"height":1281,"url":"https:\/\/iomodontologia.com.br\/wp-content\/uploads\/2021\/03\/Ortopedia-IOM-mogi-das-cruzes-guararema.jpg","type":"image\/jpeg"}],"twitter_card":"summary_large_image","twitter_misc":{"Est. tempo de leitura":"1 minuto"},"schema":{"@context":"https:\/\/schema.org","@graph":[{"@type":"WebPage","@id":"https:\/\/iomodontologia.com.br\/index.php\/tratamento\/ortodontia\/","url":"https:\/\/iomodontologia.com.br\/index.php\/tratamento\/ortodontia\/","name":"Ortodontia - IOM - INSTITUTO ODONTOL\u00d3GICO","isPartOf":{"@id":"https:\/\/iomodontologia.com.br\/#website"},"primaryImageOfPage":{"@id":"https:\/\/iomodontologia.com.br\/index.php\/tratamento\/ortodontia\/#primaryimage"},"image":{"@id":"https:\/\/iomodontologia.com.br\/index.php\/tratamento\/ortodontia\/#primaryimage"},"thumbnailUrl":"https:\/\/iomodontologia.com.br\/wp-content\/uploads\/2021\/03\/Ortopedia-IOM-mogi-das-cruzes-guararema.jpg","datePublished":"2021-03-29T00:46:47+00:00","dateModified":"2021-04-19T18:27:16+00:00","breadcrumb":{"@id":"https:\/\/iomodontologia.com.br\/index.php\/tratamento\/ortodontia\/#breadcrumb"},"inLanguage":"pt-BR","potentialAction":[{"@type":"ReadAction","target":["https:\/\/iomodontologia.com.br\/index.php\/tratamento\/ortodontia\/"]}]},{"@type":"ImageObject","inLanguage":"pt-BR","@id":"https:\/\/iomodontologia.com.br\/index.php\/tratamento\/ortodontia\/#primaryimage","url":"https:\/\/iomodontologia.com.br\/wp-content\/uploads\/2021\/03\/Ortopedia-IOM-mogi-das-cruzes-guararema.jpg","contentUrl":"https:\/\/iomodontologia.com.br\/wp-content\/uploads\/2021\/03\/Ortopedia-IOM-mogi-das-cruzes-guararema.jpg","width":1920,"height":1281},{"@type":"BreadcrumbList","@id":"https:\/\/iomodontologia.com.br\/index.php\/tratamento\/ortodontia\/#breadcrumb","itemListElement":[{"@type":"ListItem","position":1,"name":"Home","item":"https:\/\/iomodontologia.com.br\/"},{"@type":"ListItem","position":2,"name":"Projects","item":"https:\/\/iomodontologia.com.br\/index.php\/tratamento\/"},{"@type":"ListItem","position":3,"name":"Ortodontia"}]},{"@type":"WebSite","@id":"https:\/\/iomodontologia.com.br\/#website","url":"https:\/\/iomodontologia.com.br\/","name":"IOM - INSTITUTO ODONTOL\u00d3GICO","description":"CL\u00cdNICA ODONTOL\u00d3GICA","publisher":{"@id":"https:\/\/iomodontologia.com.br\/#organization"},"potentialAction":[{"@type":"SearchAction","target":{"@type":"EntryPoint","urlTemplate":"https:\/\/iomodontologia.com.br\/?s={search_term_string}"},"query-input":{"@type":"PropertyValueSpecification","valueRequired":true,"valueName":"search_term_string"}}],"inLanguage":"pt-BR"},{"@type":"Organization","@id":"https:\/\/iomodontologia.com.br\/#organization","name":"IOM - Instituto Odontol\u00f3gico Mogiano","url":"https:\/\/iomodontologia.com.br\/","logo":{"@type":"ImageObject","inLanguage":"pt-BR","@id":"https:\/\/iomodontologia.com.br\/#\/schema\/logo\/image\/","url":"https:\/\/iomodontologia.com.br\/wp-content\/uploads\/2019\/11\/IOM-Logo-slogan.png","contentUrl":"https:\/\/iomodontologia.com.br\/wp-content\/uploads\/2019\/11\/IOM-Logo-slogan.png","width":2000,"height":858,"caption":"IOM - Instituto Odontol\u00f3gico Mogiano"},"image":{"@id":"https:\/\/iomodontologia.com.br\/#\/schema\/logo\/image\/"},"sameAs":["https:\/\/www.facebook.com\/iomodontologia","https:\/\/www.instagram.com\/iom.odonto"]}]}},"_links":{"self":[{"href":"https:\/\/iomodontologia.com.br\/index.php\/wp-json\/wp\/v2\/project\/14144","targetHints":{"allow":["GET"]}}],"collection":[{"href":"https:\/\/iomodontologia.com.br\/index.php\/wp-json\/wp\/v2\/project"}],"about":[{"href":"https:\/\/iomodontologia.com.br\/index.php\/wp-json\/wp\/v2\/types\/project"}],"author":[{"embeddable":true,"href":"https:\/\/iomodontologia.com.br\/index.php\/wp-json\/wp\/v2\/users\/1"}],"replies":[{"embeddable":true,"href":"https:\/\/iomodontologia.com.br\/index.php\/wp-json\/wp\/v2\/comments?post=14144"}],"version-history":[{"count":7,"href":"https:\/\/iomodontologia.com.br\/index.php\/wp-json\/wp\/v2\/project\/14144\/revisions"}],"predecessor-version":[{"id":14167,"href":"https:\/\/iomodontologia.com.br\/index.php\/wp-json\/wp\/v2\/project\/14144\/revisions\/14167"}],"wp:featuredmedia":[{"embeddable":true,"href":"https:\/\/iomodontologia.com.br\/index.php\/wp-json\/wp\/v2\/media\/14153"}],"wp:attachment":[{"href":"https:\/\/iomodontologia.com.br\/index.php\/wp-json\/wp\/v2\/media?parent=14144"}],"wp:term":[{"taxonomy":"pj-categs","embeddable":true,"href":"https:\/\/iomodontologia.com.br\/index.php\/wp-json\/wp\/v2\/pj-categs?post=14144"},{"taxonomy":"pj-tags","embeddable":true,"href":"https:\/\/iomodontologia.com.br\/index.php\/wp-json\/wp\/v2\/pj-tags?post=14144"}],"curies":[{"name":"wp","href":"https:\/\/api.w.org\/{rel}","templated":true}]}}