{"id":7366,"date":"2017-01-18T08:37:53","date_gmt":"2017-01-18T08:37:53","guid":{"rendered":"http:\/\/interior-design.cmsmasters.net\/?page_id=7366"},"modified":"2023-07-18T10:58:50","modified_gmt":"2023-07-18T13:58:50","slug":"home-store","status":"publish","type":"page","link":"https:\/\/iomodontologia.com.br\/","title":{"rendered":"Home"},"content":{"rendered":"<div id=\"cmsmasters_row_4b2f9be841\" class=\"cmsmasters_row cmsmasters_color_scheme_default cmsmasters_row_top_default cmsmasters_row_bot_default cmsmasters_row_fullwidth\">\n<div class=\"cmsmasters_row_outer_parent\">\n<div class=\"cmsmasters_row_outer\">\n<div class=\"cmsmasters_row_inner cmsmasters_row_fullwidth\">\n<div class=\"cmsmasters_row_margin\">\n<div id=\"cmsmasters_column_e7dcbc0967\" class=\"cmsmasters_column one_first\">\n<div class=\"cmsmasters_column_inner\">\n<div class=\"cmsmasters_slider\"><script type=\"text\/javascript\">jQuery(function() { _initLayerSlider( '#layerslider_2_14st3qg4jixq', {sliderVersion: '6.11.2', type: 'fullwidth', responsiveUnder: 0, layersContainer: 0, hideOnMobile: true, hideUnder: 624, hideOver: 100000, pauseOnHover: 1, skin: 'v5', globalBGSize: 'cover', navPrevNext: false, hoverPrevNext: false, hoverBottomNav: true, showCircleTimer: false, skinsPath: 'https:\/\/iomodontologia.com.br\/wp-content\/plugins\/LayerSlider-old\/assets\/static\/layerslider\/skins\/'}); });<\/script><div id=\"layerslider_2_14st3qg4jixq\" class=\"ls-wp-container fitvidsignore\" style=\"width:1903px;height:720px;margin:0 auto;margin-bottom: 0px;\"><div class=\"ls-slide\" data-ls=\"duration:3500;kenburnsscale:1.2;\"><img decoding=\"async\" width=\"1903\" height=\"720\" src=\"https:\/\/iomodontologia.com.br\/wp-content\/uploads\/2023\/10\/Banner-site-DCristina.jpg\" class=\"ls-bg\" alt=\"\" srcset=\"https:\/\/iomodontologia.com.br\/wp-content\/uploads\/2023\/10\/Banner-site-DCristina.jpg 1903w, https:\/\/iomodontologia.com.br\/wp-content\/uploads\/2023\/10\/Banner-site-DCristina-300x114.jpg 300w, https:\/\/iomodontologia.com.br\/wp-content\/uploads\/2023\/10\/Banner-site-DCristina-1024x387.jpg 1024w, https:\/\/iomodontologia.com.br\/wp-content\/uploads\/2023\/10\/Banner-site-DCristina-768x291.jpg 768w, https:\/\/iomodontologia.com.br\/wp-content\/uploads\/2023\/10\/Banner-site-DCristina-1536x581.jpg 1536w, https:\/\/iomodontologia.com.br\/wp-content\/uploads\/2023\/10\/Banner-site-DCristina-18x7.jpg 18w, https:\/\/iomodontologia.com.br\/wp-content\/uploads\/2023\/10\/Banner-site-DCristina-580x219.jpg 580w, https:\/\/iomodontologia.com.br\/wp-content\/uploads\/2023\/10\/Banner-site-DCristina-860x325.jpg 860w, https:\/\/iomodontologia.com.br\/wp-content\/uploads\/2023\/10\/Banner-site-DCristina-1160x439.jpg 1160w, https:\/\/iomodontologia.com.br\/wp-content\/uploads\/2023\/10\/Banner-site-DCristina-600x227.jpg 600w\" sizes=\"(max-width: 1903px) 100vw, 1903px\" \/><p style=\"text-shadow: 0px 1px 0px rgba(44, 49, 55, 0.3);font-family:open sans;font-size:30px;color:#0d143b;top:528px;left:750px;\" class=\"ls-l\" data-ls=\"offsetxin:80;offsetxout:-80;durationout:400;parallaxlevel:0;\"><\/p><a style=\"\" class=\"ls-l\" href=\"https:\/\/iomodontologia.com.br\/index.php\/2022\/06\/06\/tudo-sobre-implante-dentario\/\" target=\"_self\" data-ls=\"offsetxin:80;offsetxout:-80;durationout:400;parallaxlevel:0;\"><h1 style=\"text-shadow: 0px 1px 0px rgba(44, 49, 55, 0.5);\n;font-size:129px;line-height:119px;color:#f5af18;top:311px;left:899px;font-weight:700;\" class=\"\">D. Cristina<\/h1><\/a><a style=\"\" class=\"ls-l\" href=\"https:\/\/iomodontologia.com.br\/index.php\/2023\/10\/07\/depoimento-d-cristina\/\" target=\"_self\" data-ls=\"offsetxin:80;offsetxout:-80;durationout:400;parallaxlevel:0;\"><p style=\"text-shadow: 0px 1px 0px rgba(44, 49, 55, 0.4);padding-top:15px;padding-right:20px;padding-bottom:15px;padding-left:20px;border-top:1px solid rgba(255, 255, 255, 0.4);border-right:1px solid rgba(255, 255, 255, 0.4);border-bottom:1px solid rgba(255, 255, 255, 0.4);border-left:1px solid rgba(255, 255, 255, 0.4);font-family:open sans;font-size:20px;color:#ffffff;top:456px;left:908px;background-color:#0d2b6b;\" class=\" cmsms_layer_button booklearn\">VEJA O V\u00cdDEO<\/p><\/a><p style=\"text-shadow: 0px 1px 0px rgba(44, 49, 55, 0.3);font-family:open sans;font-size:31px;color:#0d143b;top:453px;left:971px;\" class=\"ls-l\" data-ls=\"offsetxin:80;offsetxout:-80;durationout:400;parallaxlevel:0;\"><\/p><p style=\"text-shadow: 0px 1px 0px rgba(44, 49, 55, 0.3);font-family:open sans;font-size:50px;color:#0d143b;top:243px;left:911px;\" class=\"ls-l\" data-ls=\"offsetxin:80;offsetxout:-80;durationout:400;parallaxlevel:0;\">Depoimento<\/p><\/div><div class=\"ls-slide\" data-ls=\"duration:3500;kenburnsscale:1.2;\"><img decoding=\"async\" width=\"1903\" height=\"720\" src=\"https:\/\/iomodontologia.com.br\/wp-content\/uploads\/2022\/06\/Banner-site-tudo-sobre-implante.jpg\" class=\"ls-bg\" alt=\"\" srcset=\"https:\/\/iomodontologia.com.br\/wp-content\/uploads\/2022\/06\/Banner-site-tudo-sobre-implante.jpg 1903w, https:\/\/iomodontologia.com.br\/wp-content\/uploads\/2022\/06\/Banner-site-tudo-sobre-implante-300x114.jpg 300w, https:\/\/iomodontologia.com.br\/wp-content\/uploads\/2022\/06\/Banner-site-tudo-sobre-implante-1024x387.jpg 1024w, https:\/\/iomodontologia.com.br\/wp-content\/uploads\/2022\/06\/Banner-site-tudo-sobre-implante-768x291.jpg 768w, https:\/\/iomodontologia.com.br\/wp-content\/uploads\/2022\/06\/Banner-site-tudo-sobre-implante-1536x581.jpg 1536w, https:\/\/iomodontologia.com.br\/wp-content\/uploads\/2022\/06\/Banner-site-tudo-sobre-implante-18x7.jpg 18w, https:\/\/iomodontologia.com.br\/wp-content\/uploads\/2022\/06\/Banner-site-tudo-sobre-implante-580x219.jpg 580w, https:\/\/iomodontologia.com.br\/wp-content\/uploads\/2022\/06\/Banner-site-tudo-sobre-implante-860x325.jpg 860w, https:\/\/iomodontologia.com.br\/wp-content\/uploads\/2022\/06\/Banner-site-tudo-sobre-implante-1160x439.jpg 1160w, https:\/\/iomodontologia.com.br\/wp-content\/uploads\/2022\/06\/Banner-site-tudo-sobre-implante-600x227.jpg 600w\" sizes=\"(max-width: 1903px) 100vw, 1903px\" \/><p style=\"text-shadow: 0px 1px 0px rgba(44, 49, 55, 0.3);font-family:open sans;font-size:30px;color:#0d143b;top:528px;left:750px;\" class=\"ls-l\" data-ls=\"offsetxin:80;offsetxout:-80;durationout:400;parallaxlevel:0;\"><\/p><a style=\"\" class=\"ls-l\" href=\"https:\/\/iomodontologia.com.br\/index.php\/2022\/06\/06\/tudo-sobre-implante-dentario\/\" target=\"_self\" data-ls=\"offsetxin:80;offsetxout:-80;durationout:400;parallaxlevel:0;\"><h1 style=\"text-shadow: 0px 1px 0px rgba(44, 49, 55, 0.5);\n;font-size:129px;line-height:119px;color:#f5af18;top:311px;left:1048px;font-weight:700;\" class=\"\">IMPLANTE<\/h1><\/a><a style=\"\" class=\"ls-l\" href=\"https:\/\/iomodontologia.com.br\/index.php\/2022\/06\/06\/tudo-sobre-implante-dentario\/\" target=\"_self\" data-ls=\"offsetxin:80;offsetxout:-80;durationout:400;parallaxlevel:0;\"><p style=\"text-shadow: 0px 1px 0px rgba(44, 49, 55, 0.4);padding-top:15px;padding-right:20px;padding-bottom:15px;padding-left:20px;border-top:1px solid rgba(255, 255, 255, 0.4);border-right:1px solid rgba(255, 255, 255, 0.4);border-bottom:1px solid rgba(255, 255, 255, 0.4);border-left:1px solid rgba(255, 255, 255, 0.4);font-family:open sans;font-size:20px;color:#ffffff;top:456px;left:1054px;background-color:#0d2b6b;\" class=\" cmsms_layer_button booklearn\">LEIA MAIS<\/p><\/a><p style=\"text-shadow: 0px 1px 0px rgba(44, 49, 55, 0.3);font-family:open sans;font-size:31px;color:#0d143b;top:453px;left:971px;\" class=\"ls-l\" data-ls=\"offsetxin:80;offsetxout:-80;durationout:400;parallaxlevel:0;\"><\/p><p style=\"text-shadow: 0px 1px 0px rgba(44, 49, 55, 0.3);font-family:open sans;font-size:50px;color:#0d143b;top:243px;left:1067px;\" class=\"ls-l\" data-ls=\"offsetxin:80;offsetxout:-80;durationout:400;parallaxlevel:0;\">TUDO SOBRE<\/p><\/div><div class=\"ls-slide\" data-ls=\"duration:3500;kenburnsscale:1.2;\"><img decoding=\"async\" width=\"1903\" height=\"720\" src=\"https:\/\/iomodontologia.com.br\/wp-content\/uploads\/2021\/05\/Banner-site-harmonizacao-facial.jpg\" class=\"ls-bg\" alt=\"\" srcset=\"https:\/\/iomodontologia.com.br\/wp-content\/uploads\/2021\/05\/Banner-site-harmonizacao-facial.jpg 1903w, https:\/\/iomodontologia.com.br\/wp-content\/uploads\/2021\/05\/Banner-site-harmonizacao-facial-300x114.jpg 300w, https:\/\/iomodontologia.com.br\/wp-content\/uploads\/2021\/05\/Banner-site-harmonizacao-facial-1024x387.jpg 1024w, https:\/\/iomodontologia.com.br\/wp-content\/uploads\/2021\/05\/Banner-site-harmonizacao-facial-768x291.jpg 768w, https:\/\/iomodontologia.com.br\/wp-content\/uploads\/2021\/05\/Banner-site-harmonizacao-facial-1536x581.jpg 1536w, https:\/\/iomodontologia.com.br\/wp-content\/uploads\/2021\/05\/Banner-site-harmonizacao-facial-16x6.jpg 16w, https:\/\/iomodontologia.com.br\/wp-content\/uploads\/2021\/05\/Banner-site-harmonizacao-facial-580x219.jpg 580w, https:\/\/iomodontologia.com.br\/wp-content\/uploads\/2021\/05\/Banner-site-harmonizacao-facial-860x325.jpg 860w, https:\/\/iomodontologia.com.br\/wp-content\/uploads\/2021\/05\/Banner-site-harmonizacao-facial-1160x439.jpg 1160w, https:\/\/iomodontologia.com.br\/wp-content\/uploads\/2021\/05\/Banner-site-harmonizacao-facial-600x227.jpg 600w\" sizes=\"(max-width: 1903px) 100vw, 1903px\" \/><p style=\"text-shadow: 0px 1px 0px rgba(44, 49, 55, 0.3);font-family:open sans;font-size:26px;color:#0d143b;top:240px;left:182px;\" class=\"ls-l\" data-ls=\"offsetxin:80;offsetxout:-80;durationout:400;parallaxlevel:0;\">TUDO QUE VOC\u00ca PRECISA SABER<\/p><h1 style=\"text-shadow: 0px 1px 0px rgba(44, 49, 55, 0.5);\n;font-size:64px;line-height:50px;color:#eba015;top:284px;left:175px;font-weight:700;\" class=\"ls-l\" data-ls=\"offsetxin:80;offsetxout:-80;durationout:400;parallaxlevel:0;\">HARMONIZA\u00c7\u00c3O FACIAL<\/h1><a style=\"\" class=\"ls-l\" href=\"https:\/\/iomodontologia.com.br\/index.php\/contato\/\" target=\"_self\" data-ls=\"offsetxin:80;offsetxout:-80;durationout:400;parallaxlevel:0;\"><p style=\"text-shadow: 0px 1px 0px rgba(44, 49, 55, 0.4);padding-top:15px;padding-right:20px;padding-bottom:15px;padding-left:20px;border-top:1px solid rgba(255, 255, 255, 0.4);border-right:1px solid rgba(255, 255, 255, 0.4);border-bottom:1px solid rgba(255, 255, 255, 0.4);border-left:1px solid rgba(255, 255, 255, 0.4);font-family:open sans;font-size:20px;color:#0d143b;top:372px;left:174px;\" class=\" cmsms_layer_button booklearn\">AGENDAR<\/p><\/a><a style=\"\" class=\"ls-l\" href=\"https:\/\/iomodontologia.com.br\/index.php\/tratamento\/harmonizacao-facial\/\" target=\"_self\" data-ls=\"offsetxin:80;offsetxout:-80;durationout:400;parallaxlevel:0;\"><p style=\"text-shadow: 0px 1px 0px rgba(44, 49, 55, 0.4);padding-top:15px;padding-right:20px;padding-bottom:15px;padding-left:20px;border-top:1px solid rgba(255, 255, 255, 0.4);border-right:1px solid rgba(255, 255, 255, 0.4);border-bottom:1px solid rgba(255, 255, 255, 0.4);border-left:1px solid rgba(255, 255, 255, 0.4);font-family:open sans;font-size:20px;color:#0d143b;top:373px;left:332px;\" class=\" cmsms_layer_button booklearn\">SABER MAIS<\/p><\/a><\/div><div class=\"ls-slide\" data-ls=\"duration:3500;kenburnsscale:1.2;\"><img decoding=\"async\" width=\"1903\" height=\"720\" src=\"https:\/\/iomodontologia.com.br\/wp-content\/uploads\/2021\/05\/Banner-site-nossa-clinica.jpg\" class=\"ls-bg\" alt=\"\" srcset=\"https:\/\/iomodontologia.com.br\/wp-content\/uploads\/2021\/05\/Banner-site-nossa-clinica.jpg 1903w, https:\/\/iomodontologia.com.br\/wp-content\/uploads\/2021\/05\/Banner-site-nossa-clinica-300x114.jpg 300w, https:\/\/iomodontologia.com.br\/wp-content\/uploads\/2021\/05\/Banner-site-nossa-clinica-1024x387.jpg 1024w, https:\/\/iomodontologia.com.br\/wp-content\/uploads\/2021\/05\/Banner-site-nossa-clinica-768x291.jpg 768w, https:\/\/iomodontologia.com.br\/wp-content\/uploads\/2021\/05\/Banner-site-nossa-clinica-1536x581.jpg 1536w, https:\/\/iomodontologia.com.br\/wp-content\/uploads\/2021\/05\/Banner-site-nossa-clinica-16x6.jpg 16w, https:\/\/iomodontologia.com.br\/wp-content\/uploads\/2021\/05\/Banner-site-nossa-clinica-580x219.jpg 580w, https:\/\/iomodontologia.com.br\/wp-content\/uploads\/2021\/05\/Banner-site-nossa-clinica-860x325.jpg 860w, https:\/\/iomodontologia.com.br\/wp-content\/uploads\/2021\/05\/Banner-site-nossa-clinica-1160x439.jpg 1160w, https:\/\/iomodontologia.com.br\/wp-content\/uploads\/2021\/05\/Banner-site-nossa-clinica-600x227.jpg 600w\" sizes=\"(max-width: 1903px) 100vw, 1903px\" \/><p style=\"text-shadow: 0px 1px 0px rgba(44, 49, 55, 0.3);font-family:open sans;font-size:26px;color:#0d143b;top:203px;left:1173px;\" class=\"ls-l\" data-ls=\"offsetxin:80;offsetxout:-80;durationout:400;parallaxlevel:0;\">SAIBA TUDO<\/p><h1 style=\"text-shadow: 0px 1px 0px rgba(44, 49, 55, 0.5);\n;font-size:64px;line-height:50px;color:#f2a413;top:241px;left:1170px;\" class=\"ls-l\" data-ls=\"offsetxin:80;offsetxout:-80;durationout:400;parallaxlevel:0;\">SOBRE O IOM<\/h1><a style=\"\" class=\"ls-l\" href=\"https:\/\/iomodontologia.com.br\/index.php\/sobre-nos\/\" target=\"_self\" data-ls=\"offsetxin:80;offsetxout:-80;durationout:400;parallaxlevel:0;\"><p style=\"text-shadow: 0px 1px 0px rgba(44, 49, 55, 0.4);padding-top:15px;padding-right:20px;padding-bottom:15px;padding-left:20px;border-top:1px solid rgba(255, 255, 255, 0.4);border-right:1px solid rgba(255, 255, 255, 0.4);border-bottom:1px solid rgba(255, 255, 255, 0.4);border-left:1px solid rgba(255, 255, 255, 0.4);font-family:open sans;font-size:23px;color:#0d143b;top:317px;left:1180px;background-color:#ffffff;\" class=\" cmsms_layer_button booklearn\">CONFERIR<\/p><\/a><\/div><\/div><\/div>\n<\/div><\/div>\n<\/div>\n<\/div>\n<\/div>\n<\/div>\n<\/div>\n<div id=\"cmsmasters_row_mosz8vdith\" class=\"cmsmasters_row cmsmasters_color_scheme_default cmsmasters_homepage_info cmsmasters_row_top_default cmsmasters_row_bot_default cmsmasters_row_boxed\">\n<div class=\"cmsmasters_row_outer_parent\">\n<div class=\"cmsmasters_row_outer\">\n<div class=\"cmsmasters_row_inner\">\n<div class=\"cmsmasters_row_margin\">\n<div id=\"cmsmasters_column_cqjemp9txb\" class=\"cmsmasters_column one_half\">\n<div class=\"cmsmasters_column_inner\"><div id=\"cmsmasters_icon_box_nyir3c0at\" class=\"cmsmasters_icon_box cmsmasters_icon_top box_icon_type_icon cmsmasters-icon-call-in\">\n<div class=\"icon_box_inner\">\n<h3 class=\"icon_box_heading\">Mogi das Cruzes<\/h3>\n<div class=\"icon_box_text\">\n<p style=\"text-align: center;\"><div id=\"cmsmasters_heading_qkjdbovxk4\" class=\"cmsmasters_heading_wrap cmsmasters_heading_align_center\">\n\t<h2 class=\"cmsmasters_heading\">(11) 4722.7617<\/h2>\n<\/div>\n<\/div>\n<\/div>\n<\/div>\n<\/div><\/div>\n<div id=\"cmsmasters_column_8crzsps7tc\" class=\"cmsmasters_column one_half\">\n<div class=\"cmsmasters_column_inner\"><div id=\"cmsmasters_icon_box_w1rdk77e09\" class=\"cmsmasters_icon_box cmsmasters_icon_top box_icon_type_icon cmsmasters-icon-call-in\">\n<div class=\"icon_box_inner\">\n<h3 class=\"icon_box_heading\">Guararema<\/h3>\n<div class=\"icon_box_text\">\n<p style=\"text-align: center;\"><div id=\"cmsmasters_heading_qjmz8kh\" class=\"cmsmasters_heading_wrap cmsmasters_heading_align_center\">\n\t<h2 class=\"cmsmasters_heading\">(11) 4693.1000<\/h2>\n<\/div>\n<\/div>\n<\/div>\n<\/div>\n<\/div><\/div>\n<\/div>\n<\/div>\n<\/div>\n<\/div>\n<\/div>\n<div id=\"cmsmasters_row_de6a47589f\" class=\"cmsmasters_row cmsmasters_color_scheme_default cmsmasters_homepage_featured_blocks cmsmasters_row_top_default cmsmasters_row_bot_default cmsmasters_row_boxed\">\n<div class=\"cmsmasters_row_outer_parent\">\n<div class=\"cmsmasters_row_outer\">\n<div class=\"cmsmasters_row_inner cmsmasters_row_no_margin\">\n<div class=\"cmsmasters_row_margin cmsmasters_row_columns_behavior\">\n<div id=\"cmsmasters_column_90de3961bb\" class=\"cmsmasters_column one_third\">\n<div class=\"cmsmasters_column_inner\"><div id=\"cmsmasters_fb_d153561154\" class=\"cmsmasters_featured_block\">\n<div class=\"featured_block_inner\">\n<div class=\"featured_block_text\">\n<p><span style=\"color: #ffffff; font-size: 24px;\">Equipe<\/span><\/p>\n<p><span style=\"color: #ffffff; font-size: 13px;\">A Equipe do IOM Instituto Odontol\u00f3gico \u00e9 composta por especialistas em diversas \u00e1reas da Odontologia e que est\u00e3o sempre buscando aperfei\u00e7oamento profissional.<\/span><\/p>\n<div id=\"cmsmasters_button_d019fec0bd\" class=\"button_wrap\"><a href=\"https:\/\/iomodontologia.com.br\/index.php\/colaboradores\/\" class=\"cmsmasters_button\"><span>Conhe\u00e7a<\/span><\/a><\/div>\n\n<\/div>\n<\/div>\n<\/div>\n<\/div><\/div>\n<div id=\"cmsmasters_column_dde2f5fa82\" class=\"cmsmasters_column one_third\">\n<div class=\"cmsmasters_column_inner\"><div id=\"cmsmasters_fb_8399dcf703\" class=\"cmsmasters_featured_block\">\n<div class=\"featured_block_inner\">\n<div class=\"featured_block_text\">\n<p><span style=\"color: #ffffff; font-size: 24px;\">Sobre N\u00f3s<\/span><\/p>\n<p><span style=\"color: #ffffff; font-size: 13px;\">Contamos com 2 unidades com equipamentos modernos e a tecnologia utilizada nos tratamentos s\u00e3o para oferecer a voc\u00ea, conforto, carinho e qualidade total.<\/span><\/p>\n<div id=\"cmsmasters_button_a7f62a98b9\" class=\"button_wrap\"><a href=\"https:\/\/iomodontologia.com.br\/index.php\/sobre-nos\/\" class=\"cmsmasters_button\"><span>Conhe\u00e7a<\/span><\/a><\/div>\n\n<\/div>\n<\/div>\n<\/div>\n<\/div><\/div>\n<div id=\"cmsmasters_column_6c1b68228a\" class=\"cmsmasters_column one_third\">\n<div class=\"cmsmasters_column_inner\"><div id=\"cmsmasters_fb_ee6f03dadc\" class=\"cmsmasters_featured_block cmsmasters_homepage_fb_opening\">\n<div class=\"featured_block_inner\">\n<div class=\"featured_block_text\">\n<p><span style=\"color: #ffffff; font-size: 24px;\">Funcionamento<\/span><\/p>\n<p><span class=\"cmsmasters_homepage_fb_opening_item\" style=\"color: #ffffff;\">Seg &#8211; Sex <span class=\"align-right\">8:00 &#8211; 18:00<\/span><\/span><span class=\"cmsmasters_homepage_fb_opening_item\" style=\"color: #ffffff;\">S\u00e1bado <span class=\"align-right\">8:00 &#8211; 12:00<\/span><\/span><span class=\"cmsmasters_homepage_fb_opening_item\" style=\"color: #ffffff;\">Domingo <span class=\"align-right\">Fechado<\/span><\/span><\/p>\n\n<\/div>\n<\/div>\n<\/div>\n<\/div><\/div>\n<\/div>\n<\/div>\n<\/div>\n<\/div>\n<\/div>\n<div id=\"cmsmasters_row_94fc6239bb\" class=\"cmsmasters_row cmsmasters_color_scheme_default cmsmasters_row_top_default cmsmasters_row_bot_default cmsmasters_row_boxed\">\n<div class=\"cmsmasters_row_outer_parent\">\n<div class=\"cmsmasters_row_outer\">\n<div class=\"cmsmasters_row_inner\">\n<div class=\"cmsmasters_row_margin\">\n<div id=\"cmsmasters_column_faeb3f7352\" class=\"cmsmasters_column one_first\">\n<div class=\"cmsmasters_column_inner\"><div id=\"cmsmasters_heading_f8a590156c\" class=\"cmsmasters_heading_wrap cmsmasters_heading_align_left\">\n\t<h1 class=\"cmsmasters_heading\">Obrigado pela visita, fique \u00e0 vontade!<\/h1>\n<\/div><div id=\"cmsmasters_heading_f0b7b78f01\" class=\"cmsmasters_heading_wrap cmsmasters_heading_align_left\">\n\t<h2 class=\"cmsmasters_heading\">Encontre tudo sobre o IOM, depoimentos, servi\u00e7os, not\u00edcias, profissionais, etc.<\/h2>\n<\/div>\n<\/div><\/div>\n<\/div>\n<\/div>\n<\/div>\n<\/div>\n<\/div>\n<div id=\"cmsmasters_row_47d8c2bf3d\" class=\"cmsmasters_row cmsmasters_color_scheme_default cmsmasters_row_top_default cmsmasters_row_bot_default cmsmasters_row_boxed\">\n<div class=\"cmsmasters_row_outer_parent\">\n<div class=\"cmsmasters_row_outer\">\n<div class=\"cmsmasters_row_inner\">\n<div class=\"cmsmasters_row_margin\">\n<div id=\"cmsmasters_column_078bcbf02f\" class=\"cmsmasters_column one_fourth\">\n<div class=\"cmsmasters_column_inner\"><div id=\"cmsmasters_icon_090d82ebbc\" class=\"cmsmasters_icon_wrap\"><span class=\"cmsmasters_simple_icon cmsmasters-icon-custom-28\"><\/span><span class=\"cmsmasters_simple_icon_title\"><\/span><\/div>\n<div id=\"cmsmasters_heading_3dbfe7fc60\" class=\"cmsmasters_heading_wrap cmsmasters_heading_align_left\">\n\t<h3 class=\"cmsmasters_heading\">Pr\u00e9-agendamento<\/h3>\n<\/div><div class=\"cmsmasters_text\">\n<p>Para sua comodidade fa\u00e7a seu pr\u00e9-agendamento online, entraremos em contato para confirmar seu hor\u00e1rio!<\/p>\n<\/div>\n<\/div><\/div>\n<div id=\"cmsmasters_column_cb4f1ae029\" class=\"cmsmasters_column one_fourth\">\n<div class=\"cmsmasters_column_inner\"><div id=\"cmsmasters_icon_f6ba9c05ee\" class=\"cmsmasters_icon_wrap\"><span class=\"cmsmasters_simple_icon cmsmasters-icon-user-female\"><\/span><span class=\"cmsmasters_simple_icon_title\"><\/span><\/div>\n<div id=\"cmsmasters_heading_00ff5bfd64\" class=\"cmsmasters_heading_wrap cmsmasters_heading_align_left\">\n\t<h3 class=\"cmsmasters_heading\">Harmoniza\u00e7\u00e3o Facial<\/h3>\n<\/div><div class=\"cmsmasters_text\">\n<p>Nossa equipe conta com profissional qualificado para realizar a Harmoniza\u00e7\u00e3o Facial, um procedimento muito utilizado e seguro!<\/p>\n<\/div>\n<\/div><\/div>\n<div id=\"cmsmasters_column_b6bf7f37e8\" class=\"cmsmasters_column one_fourth\">\n<div class=\"cmsmasters_column_inner\"><div id=\"cmsmasters_icon_be5a802ffa\" class=\"cmsmasters_icon_wrap\"><span class=\"cmsmasters_simple_icon cmsmasters-icon-custom-21\"><\/span><span class=\"cmsmasters_simple_icon_title\"><\/span><\/div>\n<div id=\"cmsmasters_heading_81fd2350d9\" class=\"cmsmasters_heading_wrap cmsmasters_heading_align_left\">\n\t<h3 class=\"cmsmasters_heading\">Tratamentos<\/h3>\n<\/div><div class=\"cmsmasters_text\">\n<p>Realizamos os mais diversos tratamentos com um especialista para cada \u00e1rea, conhe\u00e7a todos tratamentos que oferecemos.<\/p>\n<\/div>\n<\/div><\/div>\n<div id=\"cmsmasters_column_14261bd5ea\" class=\"cmsmasters_column one_fourth\">\n<div class=\"cmsmasters_column_inner\"><div id=\"cmsmasters_icon_9a98408bd8\" class=\"cmsmasters_icon_wrap\"><span class=\"cmsmasters_simple_icon cmsmasters-icon-newspaper\"><\/span><span class=\"cmsmasters_simple_icon_title\"><\/span><\/div>\n<div id=\"cmsmasters_heading_b8629f05c8\" class=\"cmsmasters_heading_wrap cmsmasters_heading_align_left\">\n\t<h3 class=\"cmsmasters_heading\">Informa\u00e7\u00f5es<\/h3>\n<\/div><div class=\"cmsmasters_text\">\n<p>Fique por dentro de novidades, dicas do Dr. Alexandre Balbi e informa\u00e7\u00f5es relacionadas a Odontologia e Harmoniza\u00e7\u00e3o Facial!<\/p>\n<\/div>\n<\/div><\/div>\n<\/div>\n<\/div>\n<\/div>\n<\/div>\n<\/div>\n<div id=\"cmsmasters_row_7fb33699f7\" class=\"cmsmasters_row cmsmasters_color_scheme_default cmsmasters_row_top_default cmsmasters_row_bot_default cmsmasters_row_fullwidth\">\n<div class=\"cmsmasters_row_outer_parent\">\n<div class=\"cmsmasters_row_outer\">\n<div class=\"cmsmasters_row_inner cmsmasters_row_fullwidth\">\n<div class=\"cmsmasters_row_margin\">\n<div id=\"cmsmasters_column_0050c71313\" class=\"cmsmasters_column one_first\">\n<div class=\"cmsmasters_column_inner\">\n<div id=\"cmsmasters_divider_34f6049327\" class=\"cmsmasters_divider cmsmasters_divider_width_long cmsmasters_divider_pos_center\"><\/div>\n<\/div><\/div>\n<\/div>\n<\/div>\n<\/div>\n<\/div>\n<\/div>\n<div id=\"cmsmasters_row_774e899cc5\" class=\"cmsmasters_row cmsmasters_color_scheme_default cmsmasters_row_top_default cmsmasters_row_bot_default cmsmasters_row_boxed\">\n<div class=\"cmsmasters_row_outer_parent\">\n<div class=\"cmsmasters_row_outer\">\n<div class=\"cmsmasters_row_inner\">\n<div class=\"cmsmasters_row_margin\">\n<div id=\"cmsmasters_column_c2232656d3\" class=\"cmsmasters_column one_first\">\n<div class=\"cmsmasters_column_inner\"><div id=\"cmsmasters_heading_6afea7a0eb\" class=\"cmsmasters_heading_wrap cmsmasters_heading_align_left\">\n\t<h3 class=\"cmsmasters_heading\">Navegue pelos departamentos<\/h3>\n<\/div><div id=\"cmsmasters_heading_d408d93c37\" class=\"cmsmasters_heading_wrap cmsmasters_heading_align_left\">\n\t<h3 class=\"cmsmasters_heading\">Nossos Tratamentos<\/h3>\n<\/div>\n<div class=\"cmsmasters_posts_slider project\" >\n\t\t<div id=\"cmsmasters_slider_0be290132b\" class=\"cmsmasters_owl_slider owl-carousel\" data-items=\"3\" data-single-item=\"false\" data-auto-play=\"5000\" data-pagination=\"false\" data-navigation=\"true\"><div class=\"cmsmasters_owl_slider_item\"><!-- Start Posts Slider Project Article -->\n<article id=\"post-14698\" class=\"cmsmasters_slider_project post-14698 project type-project status-publish format-standard has-post-thumbnail hentry pj-categs-tratamentos\">\n\t<div class=\"cmsmasters_slider_project_outer\">\n\t<figure class=\"cmsmasters_img_rollover_wrap preloader\"><img decoding=\"async\" width=\"580\" height=\"360\" src=\"https:\/\/iomodontologia.com.br\/wp-content\/uploads\/2023\/10\/WhatsApp-Image-2023-09-13-at-16.26.02-580x360.jpg\" class=\"full-width wp-post-image\" alt=\"Faceta em Resina\" title=\"WhatsApp Image 2023-09-13 at 16.26.02\" srcset=\"https:\/\/iomodontologia.com.br\/wp-content\/uploads\/2023\/10\/WhatsApp-Image-2023-09-13-at-16.26.02-580x360.jpg 580w, https:\/\/iomodontologia.com.br\/wp-content\/uploads\/2023\/10\/WhatsApp-Image-2023-09-13-at-16.26.02-18x10.jpg 18w\" sizes=\"(max-width: 580px) 100vw, 580px\" \/><div class=\"cmsmasters_img_rollover\"><a href=\"https:\/\/iomodontologia.com.br\/index.php\/tratamento\/faceta-em-resina\/\" title=\"Faceta em Resina\" class=\"cmsmasters_open_post_link\"><\/a><\/div><\/figure><div class=\"cmsmasters_slider_project_inner\"><header class=\"cmsmasters_slider_project_header entry-header\"><h4 class=\"cmsmasters_slider_project_title entry-title\"><a href=\"https:\/\/iomodontologia.com.br\/index.php\/tratamento\/faceta-em-resina\/\">Faceta em Resina<\/a><\/h4><\/header><div class=\"cmsmasters_slider_project_content entry-content\">\n<p>Recupere o seu sorriso deslumbrante e confiante com as Facetas de Resina Dent\u00e1ria, a solu\u00e7\u00e3o moderna e eficaz para corrigir imperfei\u00e7\u00f5es est\u00e9ticas nos seus dentes. Se voc\u00ea deseja eliminar manchas, restaurar a forma dos dentes ou fechar espa\u00e7os indesejados, nossas facetas de resina s\u00e3o a resposta para um sorriso perfeito.<\/p>\n<\/div>\n<\/div>\t<\/div>\n<\/article>\n<!-- Finish Posts Slider Project Article -->\n\n<\/div><div class=\"cmsmasters_owl_slider_item\"><!-- Start Posts Slider Project Article -->\n<article id=\"post-14234\" class=\"cmsmasters_slider_project post-14234 project type-project status-publish format-standard has-post-thumbnail hentry pj-categs-tratamentos\">\n\t<div class=\"cmsmasters_slider_project_outer\">\n\t<figure class=\"cmsmasters_img_rollover_wrap preloader\"><img decoding=\"async\" width=\"580\" height=\"360\" src=\"https:\/\/iomodontologia.com.br\/wp-content\/uploads\/2021\/04\/sedacao-consciente-iom-580x360.jpg\" class=\"full-width wp-post-image\" alt=\"Seda\u00e7\u00e3o Consciente &#8211; \u00d3xido Nitroso\" title=\"sedacao-consciente-iom\" srcset=\"https:\/\/iomodontologia.com.br\/wp-content\/uploads\/2021\/04\/sedacao-consciente-iom-580x360.jpg 580w, https:\/\/iomodontologia.com.br\/wp-content\/uploads\/2021\/04\/sedacao-consciente-iom-16x9.jpg 16w\" sizes=\"(max-width: 580px) 100vw, 580px\" \/><div class=\"cmsmasters_img_rollover\"><a href=\"https:\/\/iomodontologia.com.br\/index.php\/tratamento\/sedacao-consciente-oxido-nitroso\/\" title=\"Seda\u00e7\u00e3o Consciente &#8211; \u00d3xido Nitroso\" class=\"cmsmasters_open_post_link\"><\/a><\/div><\/figure><div class=\"cmsmasters_slider_project_inner\"><header class=\"cmsmasters_slider_project_header entry-header\"><h4 class=\"cmsmasters_slider_project_title entry-title\"><a href=\"https:\/\/iomodontologia.com.br\/index.php\/tratamento\/sedacao-consciente-oxido-nitroso\/\">Seda\u00e7\u00e3o Consciente &#8211; \u00d3xido Nitroso<\/a><\/h4><\/header><div class=\"cmsmasters_slider_project_content entry-content\">\n<p>O medo de dentista \u00e9 ainda um grande desafio para a odontologia. Medo este que pode ser adquirido durante a inf\u00e2ncia ou por relatos de outros pacientes que tiveram experi\u00eancias traum\u00e1ticas.<\/p>\n<\/div>\n<\/div>\t<\/div>\n<\/article>\n<!-- Finish Posts Slider Project Article -->\n\n<\/div><div class=\"cmsmasters_owl_slider_item\"><!-- Start Posts Slider Project Article -->\n<article id=\"post-14225\" class=\"cmsmasters_slider_project post-14225 project type-project status-publish format-standard has-post-thumbnail hentry pj-categs-tratamentos\">\n\t<div class=\"cmsmasters_slider_project_outer\">\n\t<figure class=\"cmsmasters_img_rollover_wrap preloader\"><img decoding=\"async\" width=\"580\" height=\"360\" src=\"https:\/\/iomodontologia.com.br\/wp-content\/uploads\/2021\/04\/ozonioterapia-580x360.jpg\" class=\"full-width wp-post-image\" alt=\"Ozonioterapia\" title=\"ozonioterapia\" srcset=\"https:\/\/iomodontologia.com.br\/wp-content\/uploads\/2021\/04\/ozonioterapia-580x360.jpg 580w, https:\/\/iomodontologia.com.br\/wp-content\/uploads\/2021\/04\/ozonioterapia-16x10.jpg 16w, https:\/\/iomodontologia.com.br\/wp-content\/uploads\/2021\/04\/ozonioterapia-1049x650.jpg 1049w\" sizes=\"(max-width: 580px) 100vw, 580px\" \/><div class=\"cmsmasters_img_rollover\"><a href=\"https:\/\/iomodontologia.com.br\/index.php\/tratamento\/ozonioterapia\/\" title=\"Ozonioterapia\" class=\"cmsmasters_open_post_link\"><\/a><\/div><\/figure><div class=\"cmsmasters_slider_project_inner\"><header class=\"cmsmasters_slider_project_header entry-header\"><h4 class=\"cmsmasters_slider_project_title entry-title\"><a href=\"https:\/\/iomodontologia.com.br\/index.php\/tratamento\/ozonioterapia\/\">Ozonioterapia<\/a><\/h4><\/header><div class=\"cmsmasters_slider_project_content entry-content\">\n<p>A ozonioterapia, m\u00e9todo que utiliza uma mistura gasosa de oz\u00f4nio e oxig\u00eanio para fins terap\u00eauticos, tem se provado bastante eficiente na odontologia.<\/p>\n<\/div>\n<\/div>\t<\/div>\n<\/article>\n<!-- Finish Posts Slider Project Article -->\n\n<\/div><div class=\"cmsmasters_owl_slider_item\"><!-- Start Posts Slider Project Article -->\n<article id=\"post-14155\" class=\"cmsmasters_slider_project post-14155 project type-project status-publish format-standard has-post-thumbnail hentry pj-categs-tratamentos\">\n\t<div class=\"cmsmasters_slider_project_outer\">\n\t<figure class=\"cmsmasters_img_rollover_wrap preloader\"><img decoding=\"async\" width=\"580\" height=\"360\" src=\"https:\/\/iomodontologia.com.br\/wp-content\/uploads\/2021\/03\/Harmonizacao-Facial-IOM-mogi-das-cruzes-guararema-580x360.jpg\" class=\"full-width wp-post-image\" alt=\"Harmoniza\u00e7\u00e3o Facial\" title=\"Harmonizacao-Facial-IOM-mogi-das-cruzes-guararema\" \/><div class=\"cmsmasters_img_rollover\"><a href=\"https:\/\/iomodontologia.com.br\/index.php\/tratamento\/harmonizacao-facial\/\" title=\"Harmoniza\u00e7\u00e3o Facial\" class=\"cmsmasters_open_post_link\"><\/a><\/div><\/figure><div class=\"cmsmasters_slider_project_inner\"><header class=\"cmsmasters_slider_project_header entry-header\"><h4 class=\"cmsmasters_slider_project_title entry-title\"><a href=\"https:\/\/iomodontologia.com.br\/index.php\/tratamento\/harmonizacao-facial\/\">Harmoniza\u00e7\u00e3o Facial<\/a><\/h4><\/header><div class=\"cmsmasters_slider_project_content entry-content\">\n<p>A defini\u00e7\u00e3o do que representa um rosto bonito tem se modificado muito ao<br \/>\nlongo do tempo. H\u00e1 uma tend\u00eancia a valorizar muito mais a\u00a0harmonia facial<br \/>\ndo que, propriamente, um rosto com tra\u00e7os perfeitos.<\/p>\n<\/div>\n<\/div>\t<\/div>\n<\/article>\n<!-- Finish Posts Slider Project Article -->\n\n<\/div><div class=\"cmsmasters_owl_slider_item\"><!-- Start Posts Slider Project Article -->\n<article id=\"post-14149\" class=\"cmsmasters_slider_project post-14149 project type-project status-publish format-standard has-post-thumbnail hentry pj-categs-tratamentos\">\n\t<div class=\"cmsmasters_slider_project_outer\">\n\t<figure class=\"cmsmasters_img_rollover_wrap preloader\"><img decoding=\"async\" width=\"580\" height=\"360\" src=\"https:\/\/iomodontologia.com.br\/wp-content\/uploads\/2021\/03\/Ortodontia-IOM-mogi-das-cruzes-guararema-580x360.jpg\" class=\"full-width wp-post-image\" alt=\"Ortopedia\" title=\"Ortodontia-IOM-mogi-das-cruzes-guararema\" \/><div class=\"cmsmasters_img_rollover\"><a href=\"https:\/\/iomodontologia.com.br\/index.php\/tratamento\/ortopedia\/\" title=\"Ortopedia\" class=\"cmsmasters_open_post_link\"><\/a><\/div><\/figure><div class=\"cmsmasters_slider_project_inner\"><header class=\"cmsmasters_slider_project_header entry-header\"><h4 class=\"cmsmasters_slider_project_title entry-title\"><a href=\"https:\/\/iomodontologia.com.br\/index.php\/tratamento\/ortopedia\/\">Ortopedia<\/a><\/h4><\/header><div class=\"cmsmasters_slider_project_content entry-content\">\n<p>A\u00a0Ortopedia Funcional dos Maxilares\u00a0\u00e9 uma proposta de trabalho que procura direcionar o crescimento e desenvolvimento das bases \u00f3sseas maxilares, proporcionando uma harmonia facial e equil\u00edbrio das fun\u00e7\u00f5es que a boca exerce, como: respira\u00e7\u00e3o, degluti\u00e7\u00e3o, mastiga\u00e7\u00e3o, fonoarticula\u00e7\u00e3o (fala), relacionadas \u00e0 postura cr\u00e2nio cervical.<\/p>\n<\/div>\n<\/div>\t<\/div>\n<\/article>\n<!-- Finish Posts Slider Project Article -->\n\n<\/div><div class=\"cmsmasters_owl_slider_item\"><!-- Start Posts Slider Project Article -->\n<article id=\"post-14144\" class=\"cmsmasters_slider_project post-14144 project type-project status-publish format-standard has-post-thumbnail hentry pj-categs-tratamentos\">\n\t<div class=\"cmsmasters_slider_project_outer\">\n\t<figure class=\"cmsmasters_img_rollover_wrap preloader\"><img decoding=\"async\" width=\"580\" height=\"360\" src=\"https:\/\/iomodontologia.com.br\/wp-content\/uploads\/2021\/03\/Ortopedia-IOM-mogi-das-cruzes-guararema-580x360.jpg\" class=\"full-width wp-post-image\" alt=\"Ortodontia\" title=\"Ortopedia-IOM-mogi-das-cruzes-guararema\" \/><div class=\"cmsmasters_img_rollover\"><a href=\"https:\/\/iomodontologia.com.br\/index.php\/tratamento\/ortodontia\/\" title=\"Ortodontia\" class=\"cmsmasters_open_post_link\"><\/a><\/div><\/figure><div class=\"cmsmasters_slider_project_inner\"><header class=\"cmsmasters_slider_project_header entry-header\"><h4 class=\"cmsmasters_slider_project_title entry-title\"><a href=\"https:\/\/iomodontologia.com.br\/index.php\/tratamento\/ortodontia\/\">Ortodontia<\/a><\/h4><\/header><div class=\"cmsmasters_slider_project_content entry-content\">\n<p>Ortodontia\u00a0\u00e9 o ramo da odontologia especializada no diagn\u00f3stico, preven\u00e7\u00e3o e tratamento das irregularidades dentais e faciais. O termo t\u00e9cnico para estes problemas \u00e9 \u201cm\u00e1-oclus\u00e3o\u201d, que significa uma rela\u00e7\u00e3o de contato incorreta entre os dentes superiores e inferiores. <\/p>\n<\/div>\n<\/div>\t<\/div>\n<\/article>\n<!-- Finish Posts Slider Project Article -->\n\n<\/div><div class=\"cmsmasters_owl_slider_item\"><!-- Start Posts Slider Project Article -->\n<article id=\"post-14140\" class=\"cmsmasters_slider_project post-14140 project type-project status-publish format-standard has-post-thumbnail hentry pj-categs-tratamentos\">\n\t<div class=\"cmsmasters_slider_project_outer\">\n\t<figure class=\"cmsmasters_img_rollover_wrap preloader\"><img decoding=\"async\" width=\"580\" height=\"360\" src=\"https:\/\/iomodontologia.com.br\/wp-content\/uploads\/2021\/03\/Implante-Dentario-IOM-mogi-das-cruzes-guararema-580x360.jpg\" class=\"full-width wp-post-image\" alt=\"Implante Dent\u00e1rio\" title=\"Implante-Dentario-IOM-mogi-das-cruzes-guararema\" \/><div class=\"cmsmasters_img_rollover\"><a href=\"https:\/\/iomodontologia.com.br\/index.php\/tratamento\/implante-dentario\/\" title=\"Implante Dent\u00e1rio\" class=\"cmsmasters_open_post_link\"><\/a><\/div><\/figure><div class=\"cmsmasters_slider_project_inner\"><header class=\"cmsmasters_slider_project_header entry-header\"><h4 class=\"cmsmasters_slider_project_title entry-title\"><a href=\"https:\/\/iomodontologia.com.br\/index.php\/tratamento\/implante-dentario\/\">Implante Dent\u00e1rio<\/a><\/h4><\/header><div class=\"cmsmasters_slider_project_content entry-content\">\n<p>O\u00a0implante odontol\u00f3gico\u00a0constitui-se basicamente na introdu\u00e7\u00e3o cir\u00fargica de um parafuso de tit\u00e2nio no osso alveolar (maxilar ou mandibular), este parafuso substitui a raiz do dente, por isso chamado de \u201craiz artificial\u201d.<\/p>\n<\/div>\n<\/div>\t<\/div>\n<\/article>\n<!-- Finish Posts Slider Project Article -->\n\n<\/div><div class=\"cmsmasters_owl_slider_item\"><!-- Start Posts Slider Project Article -->\n<article id=\"post-619\" class=\"cmsmasters_slider_project post-619 project type-project status-publish format-standard has-post-thumbnail hentry pj-categs-tratamentos\">\n\t<div class=\"cmsmasters_slider_project_outer\">\n\t<figure class=\"cmsmasters_img_rollover_wrap preloader\"><img decoding=\"async\" width=\"580\" height=\"360\" src=\"https:\/\/iomodontologia.com.br\/wp-content\/uploads\/2016\/09\/Endodontia-IOM-mogi-das-cruzes-guararema-580x360.jpg\" class=\"full-width wp-post-image\" alt=\"Endodontia\" title=\"Endodontia-IOM-mogi-das-cruzes-guararema\" \/><div class=\"cmsmasters_img_rollover\"><a href=\"https:\/\/iomodontologia.com.br\/index.php\/tratamento\/endodontia\/\" title=\"Endodontia\" class=\"cmsmasters_open_post_link\"><\/a><\/div><\/figure><div class=\"cmsmasters_slider_project_inner\"><header class=\"cmsmasters_slider_project_header entry-header\"><h4 class=\"cmsmasters_slider_project_title entry-title\"><a href=\"https:\/\/iomodontologia.com.br\/index.php\/tratamento\/endodontia\/\">Endodontia<\/a><\/h4><\/header><div class=\"cmsmasters_slider_project_content entry-content\">\n<p>Endodontia \u00e9 a especialidade da odontologia que trata da preven\u00e7\u00e3o, diagn\u00f3stico e cura das doen\u00e7as da polpa dental.<\/p>\n<\/div>\n<\/div>\t<\/div>\n<\/article>\n<!-- Finish Posts Slider Project Article -->\n\n<\/div><div class=\"cmsmasters_owl_slider_item\"><!-- Start Posts Slider Project Article -->\n<article id=\"post-617\" class=\"cmsmasters_slider_project post-617 project type-project status-publish format-standard has-post-thumbnail hentry pj-categs-tratamentos\">\n\t<div class=\"cmsmasters_slider_project_outer\">\n\t<figure class=\"cmsmasters_img_rollover_wrap preloader\"><img decoding=\"async\" width=\"580\" height=\"360\" src=\"https:\/\/iomodontologia.com.br\/wp-content\/uploads\/2016\/09\/Proteses-Reabilitacao-Oral-IOM-mogi-das-cruzes-guararema-580x360.jpg\" class=\"full-width wp-post-image\" alt=\"Pr\u00f3teses e Reabilita\u00e7\u00e3o Oral\" title=\"Proteses-Reabilitacao-Oral-IOM-mogi-das-cruzes-guararema\" \/><div class=\"cmsmasters_img_rollover\"><a href=\"https:\/\/iomodontologia.com.br\/index.php\/tratamento\/proteses-e-reabilitacao-oral\/\" title=\"Pr\u00f3teses e Reabilita\u00e7\u00e3o Oral\" class=\"cmsmasters_open_post_link\"><\/a><\/div><\/figure><div class=\"cmsmasters_slider_project_inner\"><header class=\"cmsmasters_slider_project_header entry-header\"><h4 class=\"cmsmasters_slider_project_title entry-title\"><a href=\"https:\/\/iomodontologia.com.br\/index.php\/tratamento\/proteses-e-reabilitacao-oral\/\">Pr\u00f3teses e Reabilita\u00e7\u00e3o Oral<\/a><\/h4><\/header><div class=\"cmsmasters_slider_project_content entry-content\">\n<p>A pr\u00f3tese dent\u00e1ria (ou pr\u00f3tese dental) \u00e9 a arte dental, ci\u00eancia que trabalha com a reposi\u00e7\u00e3o de tecidos bucais e dentes perdidos, visando restaurar e manter a forma, fun\u00e7\u00e3o, apar\u00eancia e sa\u00fade bucal.<\/p>\n<\/div>\n<\/div>\t<\/div>\n<\/article>\n<!-- Finish Posts Slider Project Article -->\n\n<\/div><\/div><\/div>\n<\/div><\/div>\n<\/div>\n<\/div>\n<\/div>\n<\/div>\n<\/div>\n<div id=\"cmsmasters_row_7cb3f1a11d\" class=\"cmsmasters_row cmsmasters_color_scheme_default cmsmasters_row_top_default cmsmasters_row_bot_default cmsmasters_row_boxed\" data-stellar-background-ratio=\"0.5\">\n<div class=\"cmsmasters_row_outer_parent\">\n<div class=\"cmsmasters_row_outer\">\n<div class=\"cmsmasters_row_inner\">\n<div class=\"cmsmasters_row_margin\">\n<div id=\"cmsmasters_column_88c46f78b4\" class=\"cmsmasters_column one_first\">\n<div class=\"cmsmasters_column_inner\"><div id=\"cmsmasters_heading_23bd84c950\" class=\"cmsmasters_heading_wrap cmsmasters_heading_align_center\">\n\t<h4 class=\"cmsmasters_heading\">Depoimentos<\/h4>\n<\/div><div id=\"cmsmasters_heading_c8fea5d5ca\" class=\"cmsmasters_heading_wrap cmsmasters_heading_align_center\">\n\t<h2 class=\"cmsmasters_heading\">O que nossos pacientes falam<\/h2>\n<\/div>\n<\/div><\/div>\n<\/div>\n<\/div>\n<div class=\"cmsmasters_row_inner\">\n<div class=\"cmsmasters_row_margin\">\n<div id=\"cmsmasters_column_5181868353\" class=\"cmsmasters_column one_third\">\n<div class=\"cmsmasters_column_inner\"><div class=\"cmsmasters_quotes_slider_wrap\">\n<div id=\"cmsmasters_quotes_slider_5b8a346f83\" class=\"cmsmasters_owl_slider owl-carousel cmsmasters_quotes cmsmasters_quotes_slider cmsmasters_quotes_slider_type_box\"\n\t\t\t\" data-auto-play=\"false\" data-pagination=\"true\" data-navigation=\"false\" data-navigation-prev=\"<span class='cmsmasters_prev_arrow'><span><\/span><\/span>\" data-navigation-next=\"<span class='cmsmasters_next_arrow'><span><\/span><\/span>\"><div class=\"cmsmasters_quote\">\n<!-- Start Quote Slider Box Article -->\n<article class=\"cmsmasters_quote_inner\" id=\"cmsmasters_quote_69eee7af53d94\">\n\t<style>#cmsmasters_quote_69eee7af53d94 .cmsmasters_quote_inner_top {background-color:#3eb8d7;}\n#cmsmasters_quote_69eee7af53d94 .cmsmasters_quote_content:before {color:#3eb8d7;}\n<\/style><div class=\"cmsmasters_quote_inner_top \"><figure class=\"cmsmasters_quote_image\"><img decoding=\"async\" width=\"65\" height=\"65\" src=\"https:\/\/iomodontologia.com.br\/wp-content\/uploads\/2021\/03\/cliente-jaqueline-gentiln-iom-65x65.jpg\" class=\"attachment-cmsmasters-small-thumb size-cmsmasters-small-thumb\" alt=\"\" srcset=\"https:\/\/iomodontologia.com.br\/wp-content\/uploads\/2021\/03\/cliente-jaqueline-gentiln-iom-65x65.jpg 65w, https:\/\/iomodontologia.com.br\/wp-content\/uploads\/2021\/03\/cliente-jaqueline-gentiln-iom-150x150.jpg 150w, https:\/\/iomodontologia.com.br\/wp-content\/uploads\/2021\/03\/cliente-jaqueline-gentiln-iom-300x300.jpg 300w, https:\/\/iomodontologia.com.br\/wp-content\/uploads\/2021\/03\/cliente-jaqueline-gentiln-iom-100x100.jpg 100w\" sizes=\"(max-width: 65px) 100vw, 65px\" \/><\/figure><header class=\"cmsmasters_quote_header\"><h4 class=\"cmsmasters_quote_title\">Jaqueline Gentiln<\/h4><\/header><\/div><div class=\"cmsmasters_quote_content\">\n<p>Minha experi\u00eancia com o tratamento de placa de bruxismo foi excelente. Eu sofria de dores de cabe\u00e7a e de ouvido devido ao bruxismo e com apenas alguns meses de tratamento as dores desapareceram. Al\u00e9m disso acompanhamento do Dr. Alexandre foi primordial, recomento o seu trabalho.<\/p>\n<\/div><\/article>\n<!-- Finish Quote Slider Box Article -->\n\n<\/div>\n<\/div>\n<\/div>\n<\/div><\/div>\n<div id=\"cmsmasters_column_683f831d09\" class=\"cmsmasters_column one_third\">\n<div class=\"cmsmasters_column_inner\"><div class=\"cmsmasters_quotes_slider_wrap\">\n<div id=\"cmsmasters_quotes_slider_f1c4967953\" class=\"cmsmasters_owl_slider owl-carousel cmsmasters_quotes cmsmasters_quotes_slider cmsmasters_quotes_slider_type_box\"\n\t\t\t\" data-auto-play=\"false\" data-pagination=\"true\" data-navigation=\"false\" data-navigation-prev=\"<span class='cmsmasters_prev_arrow'><span><\/span><\/span>\" data-navigation-next=\"<span class='cmsmasters_next_arrow'><span><\/span><\/span>\"><div class=\"cmsmasters_quote\">\n<!-- Start Quote Slider Box Article -->\n<article class=\"cmsmasters_quote_inner\" id=\"cmsmasters_quote_69eee7af5414f\">\n\t<style>#cmsmasters_quote_69eee7af5414f .cmsmasters_quote_inner_top {background-color:#0392ce;}\n#cmsmasters_quote_69eee7af5414f .cmsmasters_quote_content:before {color:#0392ce;}\n<\/style><div class=\"cmsmasters_quote_inner_top \"><figure class=\"cmsmasters_quote_image\"><img decoding=\"async\" width=\"65\" height=\"65\" src=\"https:\/\/iomodontologia.com.br\/wp-content\/uploads\/2021\/05\/iom-depoimentos-maria-tavares-65x65.jpg\" class=\"attachment-cmsmasters-small-thumb size-cmsmasters-small-thumb\" alt=\"\" srcset=\"https:\/\/iomodontologia.com.br\/wp-content\/uploads\/2021\/05\/iom-depoimentos-maria-tavares-65x65.jpg 65w, https:\/\/iomodontologia.com.br\/wp-content\/uploads\/2021\/05\/iom-depoimentos-maria-tavares-300x300.jpg 300w, https:\/\/iomodontologia.com.br\/wp-content\/uploads\/2021\/05\/iom-depoimentos-maria-tavares-150x150.jpg 150w, https:\/\/iomodontologia.com.br\/wp-content\/uploads\/2021\/05\/iom-depoimentos-maria-tavares-12x12.jpg 12w, https:\/\/iomodontologia.com.br\/wp-content\/uploads\/2021\/05\/iom-depoimentos-maria-tavares-100x100.jpg 100w, https:\/\/iomodontologia.com.br\/wp-content\/uploads\/2021\/05\/iom-depoimentos-maria-tavares.jpg 387w\" sizes=\"(max-width: 65px) 100vw, 65px\" \/><\/figure><header class=\"cmsmasters_quote_header\"><h4 class=\"cmsmasters_quote_title\">Maria da Consola\u00e7\u00e3o Tavares<\/h4><\/header><\/div><div class=\"cmsmasters_quote_content\">\n<p>Meu nome \u00e9 Maria, sei que n\u00e3o sou a primeira e nem a \u00faltima a ter problemas com perda de dentes. Mas quero agradecer a Deus, a minha cunhada Cl\u00e1udia que me fez sentir confiante a procurar a cl\u00ednica para fazer os implantes. Estou muito feliz, pois depois de tantos anos ap\u00f3s usar pr\u00f3tese, hoje posso mastigar com vontade o seu X-Salada!!!<br \/>\nDeus aben\u00e7oe a todos que me ajudaram a realiza\u00e7\u00e3o deste sonho e que o senhor continue aben\u00e7oando a todos da cl\u00ednica IOM.<\/p>\n<\/div><\/article>\n<!-- Finish Quote Slider Box Article -->\n\n<\/div>\n<\/div>\n<\/div>\n<\/div><\/div>\n<div id=\"cmsmasters_column_6619221192\" class=\"cmsmasters_column one_third\">\n<div class=\"cmsmasters_column_inner\"><div class=\"cmsmasters_quotes_slider_wrap\">\n<div id=\"cmsmasters_quotes_slider_be8a0fad5a\" class=\"cmsmasters_owl_slider owl-carousel cmsmasters_quotes cmsmasters_quotes_slider cmsmasters_quotes_slider_type_box\"\n\t\t\t\" data-auto-play=\"false\" data-pagination=\"true\" data-navigation=\"false\" data-navigation-prev=\"<span class='cmsmasters_prev_arrow'><span><\/span><\/span>\" data-navigation-next=\"<span class='cmsmasters_next_arrow'><span><\/span><\/span>\"><div class=\"cmsmasters_quote\">\n<!-- Start Quote Slider Box Article -->\n<article class=\"cmsmasters_quote_inner\" id=\"cmsmasters_quote_69eee7af544dc\">\n\t<style>#cmsmasters_quote_69eee7af544dc .cmsmasters_quote_inner_top {background-color:#3065b5;}\n#cmsmasters_quote_69eee7af544dc .cmsmasters_quote_content:before {color:#3065b5;}\n<\/style><div class=\"cmsmasters_quote_inner_top \"><figure class=\"cmsmasters_quote_image\"><img decoding=\"async\" width=\"65\" height=\"65\" src=\"https:\/\/iomodontologia.com.br\/wp-content\/uploads\/2021\/05\/iom-depoimentos-Cristiane-Shigematu-1-65x65.jpg\" class=\"attachment-cmsmasters-small-thumb size-cmsmasters-small-thumb\" alt=\"\" srcset=\"https:\/\/iomodontologia.com.br\/wp-content\/uploads\/2021\/05\/iom-depoimentos-Cristiane-Shigematu-1-65x65.jpg 65w, https:\/\/iomodontologia.com.br\/wp-content\/uploads\/2021\/05\/iom-depoimentos-Cristiane-Shigematu-1-300x300.jpg 300w, https:\/\/iomodontologia.com.br\/wp-content\/uploads\/2021\/05\/iom-depoimentos-Cristiane-Shigematu-1-150x150.jpg 150w, https:\/\/iomodontologia.com.br\/wp-content\/uploads\/2021\/05\/iom-depoimentos-Cristiane-Shigematu-1-12x12.jpg 12w, https:\/\/iomodontologia.com.br\/wp-content\/uploads\/2021\/05\/iom-depoimentos-Cristiane-Shigematu-1-100x100.jpg 100w, https:\/\/iomodontologia.com.br\/wp-content\/uploads\/2021\/05\/iom-depoimentos-Cristiane-Shigematu-1.jpg 387w\" sizes=\"(max-width: 65px) 100vw, 65px\" \/><\/figure><header class=\"cmsmasters_quote_header\"><h4 class=\"cmsmasters_quote_title\">Cristiane Shigematu<\/h4><\/header><\/div><div class=\"cmsmasters_quote_content\">\n<p>Conheci a clinica IOM, em 2018, quando precisei de atendimento de um periodontista.<br \/>\nJ\u00e1 no primeiro contato, fui muito bem atendida pela Andressa, que soube me ouvir e agendou a consulta com rapidez. Tamb\u00e9m conheci a Dagmar, do administrativo, que ouve nossa situa\u00e7\u00e3o e consegue oferecer as melhores op\u00e7\u00f5es para que possamos nos tratar.<br \/>\nFui atendida pela dra. Sandra, periodontista, que deu todas as informa\u00e7\u00f5es que precisava para meu tratamento.<br \/>\nIniciei meu tratamento e tamb\u00e9m fui atendida pelo dr. Alexandre, para que fosse avaliado o meu bruxismo. Fui instru\u00edda de forma que eu conseguia entender todo o problema que isto causa. Fui orientada a extrair os dentes do siso, com a dra. Daniela.<br \/>\nPara o tratamento do bruxismo, fiz aplica\u00e7\u00e3o de toxina botul\u00ednica funcional, com a Dra. Analia.<br \/>\nFiz implantes com o dr. Alexandre e sua auxiliar, Carla e fiquei muito satisfeita.<br \/>\nEnfim, fui tratada e continuo o tratamento, com essa equipe maravilhosa, com muito profissionalismo e principalmente, atendimento humanizado.<br \/>\nAgrade\u00e7o muito \u00e0 toda equipe por cuidar da minha sa\u00fade e do meu sorriso.<\/p>\n<\/div><\/article>\n<!-- Finish Quote Slider Box Article -->\n\n<\/div>\n<\/div>\n<\/div>\n<\/div><\/div>\n<\/div>\n<\/div>\n<\/div>\n<\/div>\n<\/div>\n<div id=\"cmsmasters_row_b9d039ca17\" class=\"cmsmasters_row cmsmasters_color_scheme_first cmsmasters_row_top_default cmsmasters_row_bot_default cmsmasters_row_boxed\">\n<div class=\"cmsmasters_row_outer_parent\">\n<div class=\"cmsmasters_row_outer\">\n<div class=\"cmsmasters_row_inner\">\n<div class=\"cmsmasters_row_margin\">\n<div id=\"cmsmasters_column_218988b3b2\" class=\"cmsmasters_column one_first\">\n<div class=\"cmsmasters_column_inner\"><div id=\"cmsmasters_counters_8c0ecf8451\" class=\"cmsmasters_counters counters_type_vertical\"><div class=\"cmsmasters_counter_wrap one_fifth\">\n<div id=\"cmsmasters_counter_7frwqso3xa\" class=\"cmsmasters_counter\" data-percent=\"100\">\n<div class=\"cmsmasters_counter_inner\">\n<span class=\"cmsmasters_counter_counter_wrap\">\n<span class=\"cmsmasters_counter_prefix\"><\/span><span class=\"cmsmasters_counter_counter\">0<\/span><span class=\"cmsmasters_counter_suffix\">%<\/span>\n<\/span>\n<span class=\"cmsmasters_counter_title\">Qualidade<\/span>\n<\/div>\n<\/div>\n<\/div><div class=\"cmsmasters_counter_wrap one_fifth\">\n<div id=\"cmsmasters_counter_r05vhuo3k\" class=\"cmsmasters_counter\" data-percent=\"6\">\n<div class=\"cmsmasters_counter_inner\">\n<span class=\"cmsmasters_counter_counter_wrap\">\n<span class=\"cmsmasters_counter_prefix\"><\/span><span class=\"cmsmasters_counter_counter\">0<\/span><span class=\"cmsmasters_counter_suffix\"><\/span>\n<\/span>\n<span class=\"cmsmasters_counter_title\">Especialidades<\/span>\n<\/div>\n<\/div>\n<\/div><div class=\"cmsmasters_counter_wrap one_fifth\">\n<div id=\"cmsmasters_counter_38vj9utmjj\" class=\"cmsmasters_counter\" data-percent=\"10\">\n<div class=\"cmsmasters_counter_inner\">\n<span class=\"cmsmasters_counter_counter_wrap\">\n<span class=\"cmsmasters_counter_prefix\"><\/span><span class=\"cmsmasters_counter_counter\">0<\/span><span class=\"cmsmasters_counter_suffix\"><\/span>\n<\/span>\n<span class=\"cmsmasters_counter_title\">Colaboradores<\/span>\n<\/div>\n<\/div>\n<\/div><div class=\"cmsmasters_counter_wrap one_fifth\">\n<div id=\"cmsmasters_counter_k9xtxfzib\" class=\"cmsmasters_counter\" data-percent=\"18\">\n<div class=\"cmsmasters_counter_inner\">\n<span class=\"cmsmasters_counter_counter_wrap\">\n<span class=\"cmsmasters_counter_prefix\"><\/span><span class=\"cmsmasters_counter_counter\">0<\/span><span class=\"cmsmasters_counter_suffix\"><\/span>\n<\/span>\n<span class=\"cmsmasters_counter_title\">Anos de experi\u00eancia<\/span>\n<\/div>\n<\/div>\n<\/div><div class=\"cmsmasters_counter_wrap one_fifth\">\n<div id=\"cmsmasters_counter_uvsyj9midq\" class=\"cmsmasters_counter\" data-percent=\"7856\">\n<div class=\"cmsmasters_counter_inner\">\n<span class=\"cmsmasters_counter_counter_wrap\">\n<span class=\"cmsmasters_counter_prefix\"><\/span><span class=\"cmsmasters_counter_counter\">0<\/span><span class=\"cmsmasters_counter_suffix\"><\/span>\n<\/span>\n<span class=\"cmsmasters_counter_title\">Sorrisos Saud\u00e1veis<\/span>\n<\/div>\n<\/div>\n<\/div><\/div>\n<\/div><\/div>\n<\/div>\n<\/div>\n<\/div>\n<\/div>\n<\/div>\n<div id=\"cmsmasters_row_19f0c407e6\" class=\"cmsmasters_row cmsmasters_color_scheme_default cmsmasters_row_top_default cmsmasters_row_bot_default cmsmasters_row_boxed\">\n<div class=\"cmsmasters_row_outer_parent\">\n<div class=\"cmsmasters_row_outer\">\n<div class=\"cmsmasters_row_inner\">\n<div class=\"cmsmasters_row_margin\">\n<div id=\"cmsmasters_column_9c857193ae\" class=\"cmsmasters_column one_first\">\n<div class=\"cmsmasters_column_inner\"><div id=\"cmsmasters_heading_21a2194c99\" class=\"cmsmasters_heading_wrap cmsmasters_heading_align_left\">\n\t<h3 class=\"cmsmasters_heading\">Profissionais<\/h3>\n<\/div><div id=\"cmsmasters_heading_23caa0c9cb\" class=\"cmsmasters_heading_wrap cmsmasters_heading_align_left\">\n\t<h3 class=\"cmsmasters_heading\">Doutores e Colaboradores<\/h3>\n<\/div>\n<div id=\"cmsmasters_profile_69eee7af54e18\" class=\"cmsmasters_profile horizontal\">\n<!-- Start Profile Horizontal Article -->\n<article id=\"post-9427\" class=\"cmsmasters_profile_horizontal one_third post-9427 profile type-profile status-publish has-post-thumbnail hentry pl-categs-cirurgiao-dentista pl-categs-home\">\n\t<div class=\"profile_outer\">\n\t<figure class=\"cmsmasters_img_wrap\"><a href=\"https:\/\/iomodontologia.com.br\/index.php\/colaborador\/dr-alexandre-balbi\/\" title=\"Dr. Alexandre Balbi\" class=\"cmsmasters_img_link\"><img decoding=\"async\" width=\"338\" height=\"456\" src=\"https:\/\/iomodontologia.com.br\/wp-content\/uploads\/2021\/02\/Alexandre-Balbi.jpg\" class=\" wp-post-image\" alt=\"Dr. Alexandre Balbi\" title=\"Alexandre-Balbi\" srcset=\"https:\/\/iomodontologia.com.br\/wp-content\/uploads\/2021\/02\/Alexandre-Balbi.jpg 338w, https:\/\/iomodontologia.com.br\/wp-content\/uploads\/2021\/02\/Alexandre-Balbi-222x300.jpg 222w\" sizes=\"(max-width: 338px) 100vw, 338px\" \/><\/a><\/figure><div class=\"profile_inner\"><header class=\"cmsmasters_profile_header entry-header\"><h3 class=\"cmsmasters_profile_title entry-title\"><a href=\"https:\/\/iomodontologia.com.br\/index.php\/colaborador\/dr-alexandre-balbi\/\">Dr. Alexandre Balbi<\/a><\/h3><h6 class=\"cmsmasters_profile_subtitle\">Cirurgi\u00e3o Dentista<\/h6><\/header><div class=\"cmsmasters_profile_content entry-content\">\n<p>CRO-SP 47928<br \/>\nCirurgi\u00e3o Dentista<br \/>\nGradua\u00e7\u00e3o: Universidade de Alfenas \u2013 UNIFENAS<br \/>\nEspecialista em Implantes Dent\u00e1rios - UNICASTELO<br \/>\nHabilita\u00e7\u00e3o em Ozonioterapia<br \/>\nHabilita\u00e7\u00e3o em \u00d3xido Nitroso (Seda\u00e7\u00e3o consciente)<br \/>\nMestre em Bioodontologia \u2013 Universidade Ibirapuera<\/p>\n<\/div>\n<\/div>\t<\/div>\n<\/article>\n<!-- Finish Profile Horizontal Article -->\n\n<!-- Start Profile Horizontal Article -->\n<article id=\"post-14188\" class=\"cmsmasters_profile_horizontal one_third post-14188 profile type-profile status-publish has-post-thumbnail hentry pl-categs-home\">\n\t<div class=\"profile_outer\">\n\t<figure class=\"cmsmasters_img_wrap\"><a href=\"https:\/\/iomodontologia.com.br\/index.php\/colaborador\/dra-sandra-franco-de-melo\/\" title=\"Dra. Sandra Franco de Melo\" class=\"cmsmasters_img_link\"><img decoding=\"async\" width=\"338\" height=\"456\" src=\"https:\/\/iomodontologia.com.br\/wp-content\/uploads\/2021\/04\/DRA-SANDRA-FRANCO-DE-MELO.jpg\" class=\" wp-post-image\" alt=\"Dra. Sandra Franco de Melo\" title=\"DRA-SANDRA-FRANCO-DE-MELO\" srcset=\"https:\/\/iomodontologia.com.br\/wp-content\/uploads\/2021\/04\/DRA-SANDRA-FRANCO-DE-MELO.jpg 338w, https:\/\/iomodontologia.com.br\/wp-content\/uploads\/2021\/04\/DRA-SANDRA-FRANCO-DE-MELO-222x300.jpg 222w\" sizes=\"(max-width: 338px) 100vw, 338px\" \/><\/a><\/figure><div class=\"profile_inner\"><header class=\"cmsmasters_profile_header entry-header\"><h3 class=\"cmsmasters_profile_title entry-title\"><a href=\"https:\/\/iomodontologia.com.br\/index.php\/colaborador\/dra-sandra-franco-de-melo\/\">Dra. Sandra Franco de Melo<\/a><\/h3><h6 class=\"cmsmasters_profile_subtitle\">Cirurgi\u00e3 Dentista<\/h6><\/header><div class=\"cmsmasters_profile_content entry-content\">\n<p>CRO - SP 67237<br \/>\nGradua\u00e7\u00e3o Universidade de Mogi das Cruzes - UMC<br \/>\nEspecialista em Periodontia - APCD - SP.<br \/>\n\u00c1rea atua\u00e7\u00e3o: Periodontia e Cl\u00ednica geral<\/p>\n<\/div>\n<\/div>\t<\/div>\n<\/article>\n<!-- Finish Profile Horizontal Article -->\n\n<\/div>\n<div id=\"cmsmasters_button_z1gf0doec\" class=\"button_wrap\"><a href=\"https:\/\/iomodontologia.com.br\/index.php\/colaboradores\/\" class=\"cmsmasters_button\"><span>Veja todos Colaboradores<\/span><\/a><\/div>\n<\/div><\/div>\n<\/div>\n<\/div>\n<\/div>\n<\/div>\n<\/div>\n<div id=\"cmsmasters_row_401bd90ba4\" class=\"cmsmasters_row cmsmasters_color_scheme_default cmsmasters_row_top_default cmsmasters_row_bot_default cmsmasters_row_fullwidth\">\n<div class=\"cmsmasters_row_outer_parent\">\n<div class=\"cmsmasters_row_outer\">\n<div class=\"cmsmasters_row_inner cmsmasters_row_fullwidth\">\n<div class=\"cmsmasters_row_margin\">\n<div id=\"cmsmasters_column_a480a11e66\" class=\"cmsmasters_column one_first\">\n<div class=\"cmsmasters_column_inner\">\n<div id=\"cmsmasters_divider_deeeb8a1af\" class=\"cmsmasters_divider cmsmasters_divider_width_long cmsmasters_divider_pos_center\"><\/div>\n<\/div><\/div>\n<\/div>\n<\/div>\n<\/div>\n<\/div>\n<\/div>\n<div id=\"cmsmasters_row_b4f86aa04c\" class=\"cmsmasters_row cmsmasters_color_scheme_default cmsmasters_row_top_default cmsmasters_row_bot_default cmsmasters_row_boxed\">\n<div class=\"cmsmasters_row_outer_parent\">\n<div class=\"cmsmasters_row_outer\">\n<div class=\"cmsmasters_row_inner\">\n<div class=\"cmsmasters_row_margin\">\n<div id=\"cmsmasters_column_a3a8ee59ad\" class=\"cmsmasters_column three_fourth\">\n<div class=\"cmsmasters_column_inner\"><div id=\"cmsmasters_heading_e2b1ac68cc\" class=\"cmsmasters_heading_wrap cmsmasters_heading_align_left\">\n\t<h3 class=\"cmsmasters_heading\">Novidades<\/h3>\n<\/div><div id=\"cmsmasters_heading_b2dfe15223\" class=\"cmsmasters_heading_wrap cmsmasters_heading_align_left\">\n\t<h3 class=\"cmsmasters_heading\">Seja o primeiro a ler<\/h3>\n<\/div>\n<div class=\"cmsmasters_posts_slider post\" >\n\t\t<div id=\"cmsmasters_slider_ee96908293\" class=\"cmsmasters_owl_slider owl-carousel\" data-items=\"3\" data-single-item=\"false\" data-auto-play=\"5000\" data-pagination=\"false\" data-navigation=\"true\"><div class=\"cmsmasters_owl_slider_item\"><!-- Start Posts Slider Post Article -->\n<article id=\"post-14548\" class=\"cmsmasters_slider_post post-14548 post type-post status-publish format-standard has-post-thumbnail hentry category-artigos tag-campanha tag-mogi-das-cruzes tag-solidariedade tag-sorriso\">\n\t<div class=\"cmsmasters_slider_post_outer\">\n\t<div class=\"cmsmasters_slider_post_img_wrap\"><figure class=\"cmsmasters_img_rollover_wrap preloader\"><img decoding=\"async\" width=\"580\" height=\"360\" src=\"https:\/\/iomodontologia.com.br\/wp-content\/uploads\/2022\/12\/campanha-panetone-solidario-580x360.jpg\" class=\"full-width wp-post-image\" alt=\"Campanha Panetone Solid\u00e1rio\" title=\"campanha-panetone-solidario\" srcset=\"https:\/\/iomodontologia.com.br\/wp-content\/uploads\/2022\/12\/campanha-panetone-solidario-580x360.jpg 580w, https:\/\/iomodontologia.com.br\/wp-content\/uploads\/2022\/12\/campanha-panetone-solidario-18x10.jpg 18w\" sizes=\"(max-width: 580px) 100vw, 580px\" \/><div class=\"cmsmasters_img_rollover\"><a href=\"https:\/\/iomodontologia.com.br\/index.php\/2022\/12\/18\/campanha-panetone-solidario\/\" title=\"Campanha Panetone Solid\u00e1rio\" class=\"cmsmasters_open_link\"><\/a><\/div><\/figure><\/div><div class=\"cmsmasters_slider_post_inner\"><div class=\"cmsmasters_slider_post_inner_header\"><span class=\"cmsmasters_slider_post_date cmsmasters-icon-calendar-3\"><abbr class=\"published\" title=\"18 de dezembro de 2022\"><span class=\"cmsmasters_day_mon\">dezembro 18<\/span><span class=\"cmsmasters_year\">, 2022<\/span><\/abbr><abbr class=\"dn date updated\" title=\"18 de dezembro de 2022\">18 de dezembro de 2022<\/abbr><\/span><div class=\"cmsmasters_slider_post_meta_wrap entry-meta\"><span class=\"cmsmasters_comments cmsmasters_slider_post_comments\"><a class=\"cmsmasters_theme_icon_comment\" href=\"https:\/\/iomodontologia.com.br\/index.php\/2022\/12\/18\/campanha-panetone-solidario\/#respond\" title=\"Comment on Campanha Panetone Solid\u00e1rio\"><span>0 <\/span><\/a><\/span><\/div><\/div><header class=\"cmsmasters_slider_post_header entry-header\"><h4 class=\"cmsmasters_slider_post_title entry-title\"><a href=\"https:\/\/iomodontologia.com.br\/index.php\/2022\/12\/18\/campanha-panetone-solidario\/\">Campanha Panetone Solid\u00e1rio<\/a><\/h4><\/header><div class=\"cmsmasters_slider_post_content entry-content\">\n<p>Todo ano realizamos a Campanha Panetone Solid\u00e1rio aqui no IOM &#8211; Instituto Odontol\u00f3gico Mogiano e \u00e9 com grande prazer que...<\/p>\n<\/div>\n<\/div>\t<\/div>\n<\/article>\n<!-- Finish Posts Slider Post Article -->\n\n<\/div><div class=\"cmsmasters_owl_slider_item\"><!-- Start Posts Slider Post Article -->\n<article id=\"post-14519\" class=\"cmsmasters_slider_post post-14519 post type-post status-publish format-standard hentry category-sem-categoria\">\n\t<div class=\"cmsmasters_slider_post_outer\">\n\t<div class=\"cmsmasters_slider_post_img_wrap\"><figure class=\"cmsmasters_img_rollover_wrap preloader\"><span class=\"img_placeholder cmsmasters_theme_icon_image\"><\/span><div class=\"cmsmasters_img_rollover\"><a href=\"https:\/\/iomodontologia.com.br\/index.php\/2022\/07\/18\/campanha-do-agasalho\/\" title=\"Campanha do Agasalho\" class=\"cmsmasters_open_link\"><\/a><\/div><\/figure><\/div><div class=\"cmsmasters_slider_post_inner\"><div class=\"cmsmasters_slider_post_inner_header\"><span class=\"cmsmasters_slider_post_date cmsmasters-icon-calendar-3\"><abbr class=\"published\" title=\"18 de julho de 2022\"><span class=\"cmsmasters_day_mon\">julho 18<\/span><span class=\"cmsmasters_year\">, 2022<\/span><\/abbr><abbr class=\"dn date updated\" title=\"18 de julho de 2022\">18 de julho de 2022<\/abbr><\/span><div class=\"cmsmasters_slider_post_meta_wrap entry-meta\"><span class=\"cmsmasters_comments cmsmasters_slider_post_comments\"><a class=\"cmsmasters_theme_icon_comment\" href=\"https:\/\/iomodontologia.com.br\/index.php\/2022\/07\/18\/campanha-do-agasalho\/#respond\" title=\"Comment on Campanha do Agasalho\"><span>0 <\/span><\/a><\/span><\/div><\/div><header class=\"cmsmasters_slider_post_header entry-header\"><h4 class=\"cmsmasters_slider_post_title entry-title\"><a href=\"https:\/\/iomodontologia.com.br\/index.php\/2022\/07\/18\/campanha-do-agasalho\/\">Campanha do Agasalho<\/a><\/h4><\/header><\/div>\t<\/div>\n<\/article>\n<!-- Finish Posts Slider Post Article -->\n\n<\/div><div class=\"cmsmasters_owl_slider_item\"><!-- Start Posts Slider Post Article -->\n<article id=\"post-14505\" class=\"cmsmasters_slider_post post-14505 post type-post status-publish format-standard has-post-thumbnail hentry category-artigos\">\n\t<div class=\"cmsmasters_slider_post_outer\">\n\t<div class=\"cmsmasters_slider_post_img_wrap\"><figure class=\"cmsmasters_img_rollover_wrap preloader\"><img decoding=\"async\" width=\"580\" height=\"360\" src=\"https:\/\/iomodontologia.com.br\/wp-content\/uploads\/2022\/06\/tudo-sobre-implante-dentario-580x360.jpg\" class=\"full-width wp-post-image\" alt=\"Tudo sobre Implante Dent\u00e1rio\" title=\"tudo-sobre-implante-dentario\" srcset=\"https:\/\/iomodontologia.com.br\/wp-content\/uploads\/2022\/06\/tudo-sobre-implante-dentario-580x360.jpg 580w, https:\/\/iomodontologia.com.br\/wp-content\/uploads\/2022\/06\/tudo-sobre-implante-dentario-18x10.jpg 18w\" sizes=\"(max-width: 580px) 100vw, 580px\" \/><div class=\"cmsmasters_img_rollover\"><a href=\"https:\/\/iomodontologia.com.br\/index.php\/2022\/06\/06\/tudo-sobre-implante-dentario\/\" title=\"Tudo sobre Implante Dent\u00e1rio\" class=\"cmsmasters_open_link\"><\/a><\/div><\/figure><\/div><div class=\"cmsmasters_slider_post_inner\"><div class=\"cmsmasters_slider_post_inner_header\"><span class=\"cmsmasters_slider_post_date cmsmasters-icon-calendar-3\"><abbr class=\"published\" title=\"6 de junho de 2022\"><span class=\"cmsmasters_day_mon\">junho 06<\/span><span class=\"cmsmasters_year\">, 2022<\/span><\/abbr><abbr class=\"dn date updated\" title=\"18 de julho de 2023\">18 de julho de 2023<\/abbr><\/span><div class=\"cmsmasters_slider_post_meta_wrap entry-meta\"><span class=\"cmsmasters_comments cmsmasters_slider_post_comments\"><a class=\"cmsmasters_theme_icon_comment\" href=\"https:\/\/iomodontologia.com.br\/index.php\/2022\/06\/06\/tudo-sobre-implante-dentario\/#respond\" title=\"Comment on Tudo sobre Implante Dent\u00e1rio\"><span>0 <\/span><\/a><\/span><\/div><\/div><header class=\"cmsmasters_slider_post_header entry-header\"><h4 class=\"cmsmasters_slider_post_title entry-title\"><a href=\"https:\/\/iomodontologia.com.br\/index.php\/2022\/06\/06\/tudo-sobre-implante-dentario\/\">Tudo sobre Implante Dent\u00e1rio<\/a><\/h4><\/header><div class=\"cmsmasters_slider_post_content entry-content\">\n<p>Este \u00e9 um texto que ir\u00e1 falar de tudo sobre Implante Dent\u00e1rio, onde iremos sempre atualiza-lo e voc\u00ea pode tirar...<\/p>\n<\/div>\n<\/div>\t<\/div>\n<\/article>\n<!-- Finish Posts Slider Post Article -->\n\n<\/div><div class=\"cmsmasters_owl_slider_item\"><!-- Start Posts Slider Post Article -->\n<article id=\"post-14497\" class=\"cmsmasters_slider_post post-14497 post type-post status-publish format-standard has-post-thumbnail hentry category-artigos\">\n\t<div class=\"cmsmasters_slider_post_outer\">\n\t<div class=\"cmsmasters_slider_post_img_wrap\"><figure class=\"cmsmasters_img_rollover_wrap preloader\"><img decoding=\"async\" width=\"580\" height=\"360\" src=\"https:\/\/iomodontologia.com.br\/wp-content\/uploads\/2022\/03\/mau-habito-de-dormir-sem-escovar-os-dentes-580x360.jpg\" class=\"full-width wp-post-image\" alt=\"o mau h\u00e1bito de DORMIR SEM ESCOVAR OS DENTES\" title=\"mau-habito-de-dormir-sem-escovar-os-dentes\" srcset=\"https:\/\/iomodontologia.com.br\/wp-content\/uploads\/2022\/03\/mau-habito-de-dormir-sem-escovar-os-dentes-580x360.jpg 580w, https:\/\/iomodontologia.com.br\/wp-content\/uploads\/2022\/03\/mau-habito-de-dormir-sem-escovar-os-dentes-18x10.jpg 18w\" sizes=\"(max-width: 580px) 100vw, 580px\" \/><div class=\"cmsmasters_img_rollover\"><a href=\"https:\/\/iomodontologia.com.br\/index.php\/2022\/03\/21\/o-mau-habito-de-dormir-sem-escovar-os-dentes\/\" title=\"o mau h\u00e1bito de DORMIR SEM ESCOVAR OS DENTES\" class=\"cmsmasters_open_link\"><\/a><\/div><\/figure><\/div><div class=\"cmsmasters_slider_post_inner\"><div class=\"cmsmasters_slider_post_inner_header\"><span class=\"cmsmasters_slider_post_date cmsmasters-icon-calendar-3\"><abbr class=\"published\" title=\"21 de mar\u00e7o de 2022\"><span class=\"cmsmasters_day_mon\">mar\u00e7o 21<\/span><span class=\"cmsmasters_year\">, 2022<\/span><\/abbr><abbr class=\"dn date updated\" title=\"21 de mar\u00e7o de 2022\">21 de mar\u00e7o de 2022<\/abbr><\/span><div class=\"cmsmasters_slider_post_meta_wrap entry-meta\"><span class=\"cmsmasters_comments cmsmasters_slider_post_comments\"><a class=\"cmsmasters_theme_icon_comment\" href=\"https:\/\/iomodontologia.com.br\/index.php\/2022\/03\/21\/o-mau-habito-de-dormir-sem-escovar-os-dentes\/#respond\" title=\"Comment on o mau h\u00e1bito de DORMIR SEM ESCOVAR OS DENTES\"><span>0 <\/span><\/a><\/span><\/div><\/div><header class=\"cmsmasters_slider_post_header entry-header\"><h4 class=\"cmsmasters_slider_post_title entry-title\"><a href=\"https:\/\/iomodontologia.com.br\/index.php\/2022\/03\/21\/o-mau-habito-de-dormir-sem-escovar-os-dentes\/\">o mau h\u00e1bito de DORMIR SEM ESCOVAR OS DENTES<\/a><\/h4><\/header><div class=\"cmsmasters_slider_post_content entry-content\">\n<p>Por muitas vezes perdemos a rotina e somos acometidos por uma pregui\u00e7a danada e acabamos protelando algumas coisas que fazemos...<\/p>\n<\/div>\n<\/div>\t<\/div>\n<\/article>\n<!-- Finish Posts Slider Post Article -->\n\n<\/div><div class=\"cmsmasters_owl_slider_item\"><!-- Start Posts Slider Post Article -->\n<article id=\"post-14489\" class=\"cmsmasters_slider_post post-14489 post type-post status-publish format-standard has-post-thumbnail hentry category-artigos\">\n\t<div class=\"cmsmasters_slider_post_outer\">\n\t<div class=\"cmsmasters_slider_post_img_wrap\"><figure class=\"cmsmasters_img_rollover_wrap preloader\"><img decoding=\"async\" width=\"580\" height=\"360\" src=\"https:\/\/iomodontologia.com.br\/wp-content\/uploads\/2022\/03\/passar-fio-dental-no-implante-580x360.jpg\" class=\"full-width wp-post-image\" alt=\"Preciso usar FIO DENTAL no IMPLANTE dent\u00e1rio?\" title=\"passar-fio-dental-no-implante\" srcset=\"https:\/\/iomodontologia.com.br\/wp-content\/uploads\/2022\/03\/passar-fio-dental-no-implante-580x360.jpg 580w, https:\/\/iomodontologia.com.br\/wp-content\/uploads\/2022\/03\/passar-fio-dental-no-implante-18x10.jpg 18w\" sizes=\"(max-width: 580px) 100vw, 580px\" \/><div class=\"cmsmasters_img_rollover\"><a href=\"https:\/\/iomodontologia.com.br\/index.php\/2022\/03\/10\/preciso-usar-fio-dental-no-implante-dentario\/\" title=\"Preciso usar FIO DENTAL no IMPLANTE dent\u00e1rio?\" class=\"cmsmasters_open_link\"><\/a><\/div><\/figure><\/div><div class=\"cmsmasters_slider_post_inner\"><div class=\"cmsmasters_slider_post_inner_header\"><span class=\"cmsmasters_slider_post_date cmsmasters-icon-calendar-3\"><abbr class=\"published\" title=\"10 de mar\u00e7o de 2022\"><span class=\"cmsmasters_day_mon\">mar\u00e7o 10<\/span><span class=\"cmsmasters_year\">, 2022<\/span><\/abbr><abbr class=\"dn date updated\" title=\"10 de mar\u00e7o de 2022\">10 de mar\u00e7o de 2022<\/abbr><\/span><div class=\"cmsmasters_slider_post_meta_wrap entry-meta\"><span class=\"cmsmasters_comments cmsmasters_slider_post_comments\"><a class=\"cmsmasters_theme_icon_comment\" href=\"https:\/\/iomodontologia.com.br\/index.php\/2022\/03\/10\/preciso-usar-fio-dental-no-implante-dentario\/#respond\" title=\"Comment on Preciso usar FIO DENTAL no IMPLANTE dent\u00e1rio?\"><span>0 <\/span><\/a><\/span><\/div><\/div><header class=\"cmsmasters_slider_post_header entry-header\"><h4 class=\"cmsmasters_slider_post_title entry-title\"><a href=\"https:\/\/iomodontologia.com.br\/index.php\/2022\/03\/10\/preciso-usar-fio-dental-no-implante-dentario\/\">Preciso usar FIO DENTAL no IMPLANTE dent\u00e1rio?<\/a><\/h4><\/header><div class=\"cmsmasters_slider_post_content entry-content\">\n<p>\u00c9 preciso passar fio dental no dente implantado? As pessoas que usam implante \u00e9 comum surgirem d\u00favidas quanto \u00e0 higiene...<\/p>\n<\/div>\n<\/div>\t<\/div>\n<\/article>\n<!-- Finish Posts Slider Post Article -->\n\n<\/div><div class=\"cmsmasters_owl_slider_item\"><!-- Start Posts Slider Post Article -->\n<article id=\"post-14480\" class=\"cmsmasters_slider_post post-14480 post type-post status-publish format-standard has-post-thumbnail hentry category-artigos tag-anestesia tag-anestesia-e-seus-efeitos-colaterais tag-efeitos-colaterais\">\n\t<div class=\"cmsmasters_slider_post_outer\">\n\t<div class=\"cmsmasters_slider_post_img_wrap\"><figure class=\"cmsmasters_img_rollover_wrap preloader\"><img decoding=\"async\" width=\"580\" height=\"360\" src=\"https:\/\/iomodontologia.com.br\/wp-content\/uploads\/2022\/03\/efeitos-colaterais-anestesia-580x360.jpg\" class=\"full-width wp-post-image\" alt=\"Anestesia e seus efeitos colaterais\" title=\"efeitos-colaterais-anestesia\" srcset=\"https:\/\/iomodontologia.com.br\/wp-content\/uploads\/2022\/03\/efeitos-colaterais-anestesia-580x360.jpg 580w, https:\/\/iomodontologia.com.br\/wp-content\/uploads\/2022\/03\/efeitos-colaterais-anestesia-18x10.jpg 18w\" sizes=\"(max-width: 580px) 100vw, 580px\" \/><div class=\"cmsmasters_img_rollover\"><a href=\"https:\/\/iomodontologia.com.br\/index.php\/2022\/03\/03\/anestesia-e-seus-efeitos-colaterais\/\" title=\"Anestesia e seus efeitos colaterais\" class=\"cmsmasters_open_link\"><\/a><\/div><\/figure><\/div><div class=\"cmsmasters_slider_post_inner\"><div class=\"cmsmasters_slider_post_inner_header\"><span class=\"cmsmasters_slider_post_date cmsmasters-icon-calendar-3\"><abbr class=\"published\" title=\"3 de mar\u00e7o de 2022\"><span class=\"cmsmasters_day_mon\">mar\u00e7o 03<\/span><span class=\"cmsmasters_year\">, 2022<\/span><\/abbr><abbr class=\"dn date updated\" title=\"3 de mar\u00e7o de 2022\">3 de mar\u00e7o de 2022<\/abbr><\/span><div class=\"cmsmasters_slider_post_meta_wrap entry-meta\"><span class=\"cmsmasters_comments cmsmasters_slider_post_comments\"><a class=\"cmsmasters_theme_icon_comment\" href=\"https:\/\/iomodontologia.com.br\/index.php\/2022\/03\/03\/anestesia-e-seus-efeitos-colaterais\/#respond\" title=\"Comment on Anestesia e seus efeitos colaterais\"><span>0 <\/span><\/a><\/span><\/div><\/div><header class=\"cmsmasters_slider_post_header entry-header\"><h4 class=\"cmsmasters_slider_post_title entry-title\"><a href=\"https:\/\/iomodontologia.com.br\/index.php\/2022\/03\/03\/anestesia-e-seus-efeitos-colaterais\/\">Anestesia e seus efeitos colaterais<\/a><\/h4><\/header><div class=\"cmsmasters_slider_post_content entry-content\">\n<p>A anestesia \u00e9 necess\u00e1ria em v\u00e1rios procedimentos, seja em uma cirurgia mais avan\u00e7ada ou uma pequena restaura\u00e7\u00e3o, quando administrada corretamente,...<\/p>\n<\/div>\n<\/div>\t<\/div>\n<\/article>\n<!-- Finish Posts Slider Post Article -->\n\n<\/div><div class=\"cmsmasters_owl_slider_item\"><!-- Start Posts Slider Post Article -->\n<article id=\"post-14475\" class=\"cmsmasters_slider_post post-14475 post type-post status-publish format-standard has-post-thumbnail hentry category-artigos tag-halitose tag-mau-halito\">\n\t<div class=\"cmsmasters_slider_post_outer\">\n\t<div class=\"cmsmasters_slider_post_img_wrap\"><figure class=\"cmsmasters_img_rollover_wrap preloader\"><img decoding=\"async\" width=\"580\" height=\"360\" src=\"https:\/\/iomodontologia.com.br\/wp-content\/uploads\/2022\/02\/halitose-580x360.jpg\" class=\"full-width wp-post-image\" alt=\"Halitose, o mau h\u00e1lito pode indicar outras doen\u00e7as\u00a0\" title=\"halitose\" srcset=\"https:\/\/iomodontologia.com.br\/wp-content\/uploads\/2022\/02\/halitose-580x360.jpg 580w, https:\/\/iomodontologia.com.br\/wp-content\/uploads\/2022\/02\/halitose-18x10.jpg 18w\" sizes=\"(max-width: 580px) 100vw, 580px\" \/><div class=\"cmsmasters_img_rollover\"><a href=\"https:\/\/iomodontologia.com.br\/index.php\/2022\/02\/07\/halitose-o-mau-halito-pode-indicar-outras-doencas\/\" title=\"Halitose, o mau h\u00e1lito pode indicar outras doen\u00e7as\u00a0\" class=\"cmsmasters_open_link\"><\/a><\/div><\/figure><\/div><div class=\"cmsmasters_slider_post_inner\"><div class=\"cmsmasters_slider_post_inner_header\"><span class=\"cmsmasters_slider_post_date cmsmasters-icon-calendar-3\"><abbr class=\"published\" title=\"7 de fevereiro de 2022\"><span class=\"cmsmasters_day_mon\">fevereiro 07<\/span><span class=\"cmsmasters_year\">, 2022<\/span><\/abbr><abbr class=\"dn date updated\" title=\"7 de fevereiro de 2022\">7 de fevereiro de 2022<\/abbr><\/span><div class=\"cmsmasters_slider_post_meta_wrap entry-meta\"><span class=\"cmsmasters_comments cmsmasters_slider_post_comments\"><a class=\"cmsmasters_theme_icon_comment\" href=\"https:\/\/iomodontologia.com.br\/index.php\/2022\/02\/07\/halitose-o-mau-halito-pode-indicar-outras-doencas\/#respond\" title=\"Comment on Halitose, o mau h\u00e1lito pode indicar outras doen\u00e7as\u00a0\"><span>0 <\/span><\/a><\/span><\/div><\/div><header class=\"cmsmasters_slider_post_header entry-header\"><h4 class=\"cmsmasters_slider_post_title entry-title\"><a href=\"https:\/\/iomodontologia.com.br\/index.php\/2022\/02\/07\/halitose-o-mau-halito-pode-indicar-outras-doencas\/\">Halitose, o mau h\u00e1lito pode indicar outras doen\u00e7as\u00a0<\/a><\/h4><\/header><div class=\"cmsmasters_slider_post_content entry-content\">\n<p>Cerca de 75% dos casos de halitose (mau h\u00e1lito) t\u00eam sua origem em um problema bucal. Os outros 25 %...<\/p>\n<\/div>\n<\/div>\t<\/div>\n<\/article>\n<!-- Finish Posts Slider Post Article -->\n\n<\/div><div class=\"cmsmasters_owl_slider_item\"><!-- Start Posts Slider Post Article -->\n<article id=\"post-14468\" class=\"cmsmasters_slider_post post-14468 post type-post status-publish format-standard has-post-thumbnail hentry category-artigos tag-extrair-dente tag-siso\">\n\t<div class=\"cmsmasters_slider_post_outer\">\n\t<div class=\"cmsmasters_slider_post_img_wrap\"><figure class=\"cmsmasters_img_rollover_wrap preloader\"><img decoding=\"async\" width=\"580\" height=\"360\" src=\"https:\/\/iomodontologia.com.br\/wp-content\/uploads\/2022\/01\/extrair-siso-580x360.jpg\" class=\"full-width wp-post-image\" alt=\"Quando devemos extrair o dente do siso?\" title=\"extrair-siso\" srcset=\"https:\/\/iomodontologia.com.br\/wp-content\/uploads\/2022\/01\/extrair-siso-580x360.jpg 580w, https:\/\/iomodontologia.com.br\/wp-content\/uploads\/2022\/01\/extrair-siso-18x10.jpg 18w\" sizes=\"(max-width: 580px) 100vw, 580px\" \/><div class=\"cmsmasters_img_rollover\"><a href=\"https:\/\/iomodontologia.com.br\/index.php\/2022\/01\/29\/quando-devemos-extrair-o-dente-do-siso\/\" title=\"Quando devemos extrair o dente do siso?\" class=\"cmsmasters_open_link\"><\/a><\/div><\/figure><\/div><div class=\"cmsmasters_slider_post_inner\"><div class=\"cmsmasters_slider_post_inner_header\"><span class=\"cmsmasters_slider_post_date cmsmasters-icon-calendar-3\"><abbr class=\"published\" title=\"29 de janeiro de 2022\"><span class=\"cmsmasters_day_mon\">janeiro 29<\/span><span class=\"cmsmasters_year\">, 2022<\/span><\/abbr><abbr class=\"dn date updated\" title=\"7 de fevereiro de 2022\">7 de fevereiro de 2022<\/abbr><\/span><div class=\"cmsmasters_slider_post_meta_wrap entry-meta\"><span class=\"cmsmasters_comments cmsmasters_slider_post_comments\"><a class=\"cmsmasters_theme_icon_comment\" href=\"https:\/\/iomodontologia.com.br\/index.php\/2022\/01\/29\/quando-devemos-extrair-o-dente-do-siso\/#respond\" title=\"Comment on Quando devemos extrair o dente do siso?\"><span>0 <\/span><\/a><\/span><\/div><\/div><header class=\"cmsmasters_slider_post_header entry-header\"><h4 class=\"cmsmasters_slider_post_title entry-title\"><a href=\"https:\/\/iomodontologia.com.br\/index.php\/2022\/01\/29\/quando-devemos-extrair-o-dente-do-siso\/\">Quando devemos extrair o dente do siso?<\/a><\/h4><\/header><div class=\"cmsmasters_slider_post_content entry-content\">\n<p>Embora a extra\u00e7\u00e3o preventiva do siso seja amplamente recomendada pelos dentistas, nem sempre \u00e9 preciso retirar o siso. Se existe...<\/p>\n<\/div>\n<\/div>\t<\/div>\n<\/article>\n<!-- Finish Posts Slider Post Article -->\n\n<\/div><div class=\"cmsmasters_owl_slider_item\"><!-- Start Posts Slider Post Article -->\n<article id=\"post-14457\" class=\"cmsmasters_slider_post post-14457 post type-post status-publish format-standard has-post-thumbnail hentry category-artigos tag-danos-do-estresse tag-estresse tag-saude-bucal\">\n\t<div class=\"cmsmasters_slider_post_outer\">\n\t<div class=\"cmsmasters_slider_post_img_wrap\"><figure class=\"cmsmasters_img_rollover_wrap preloader\"><img decoding=\"async\" width=\"580\" height=\"360\" src=\"https:\/\/iomodontologia.com.br\/wp-content\/uploads\/2022\/01\/danos-do-estress-580x360.jpg\" class=\"full-width wp-post-image\" alt=\"Danos que o estresse pode causar \u00e0 sa\u00fade bucal\" title=\"danos-do-estress\" srcset=\"https:\/\/iomodontologia.com.br\/wp-content\/uploads\/2022\/01\/danos-do-estress-580x360.jpg 580w, https:\/\/iomodontologia.com.br\/wp-content\/uploads\/2022\/01\/danos-do-estress-18x10.jpg 18w\" sizes=\"(max-width: 580px) 100vw, 580px\" \/><div class=\"cmsmasters_img_rollover\"><a href=\"https:\/\/iomodontologia.com.br\/index.php\/2022\/01\/22\/danos-que-o-estresse-pode-causar-a-saude-bucal\/\" title=\"Danos que o estresse pode causar \u00e0 sa\u00fade bucal\" class=\"cmsmasters_open_link\"><\/a><\/div><\/figure><\/div><div class=\"cmsmasters_slider_post_inner\"><div class=\"cmsmasters_slider_post_inner_header\"><span class=\"cmsmasters_slider_post_date cmsmasters-icon-calendar-3\"><abbr class=\"published\" title=\"22 de janeiro de 2022\"><span class=\"cmsmasters_day_mon\">janeiro 22<\/span><span class=\"cmsmasters_year\">, 2022<\/span><\/abbr><abbr class=\"dn date updated\" title=\"7 de fevereiro de 2022\">7 de fevereiro de 2022<\/abbr><\/span><div class=\"cmsmasters_slider_post_meta_wrap entry-meta\"><span class=\"cmsmasters_comments cmsmasters_slider_post_comments\"><a class=\"cmsmasters_theme_icon_comment\" href=\"https:\/\/iomodontologia.com.br\/index.php\/2022\/01\/22\/danos-que-o-estresse-pode-causar-a-saude-bucal\/#respond\" title=\"Comment on Danos que o estresse pode causar \u00e0 sa\u00fade bucal\"><span>0 <\/span><\/a><\/span><\/div><\/div><header class=\"cmsmasters_slider_post_header entry-header\"><h4 class=\"cmsmasters_slider_post_title entry-title\"><a href=\"https:\/\/iomodontologia.com.br\/index.php\/2022\/01\/22\/danos-que-o-estresse-pode-causar-a-saude-bucal\/\">Danos que o estresse pode causar \u00e0 sa\u00fade bucal<\/a><\/h4><\/header><div class=\"cmsmasters_slider_post_content entry-content\">\n<p>N\u00e3o est\u00e1 sendo f\u00e1cil pra ningu\u00e9m passar pelo que estamos passando, esse isolamento social est\u00e1 mexendo com a cabe\u00e7a de...<\/p>\n<\/div>\n<\/div>\t<\/div>\n<\/article>\n<!-- Finish Posts Slider Post Article -->\n\n<\/div><div class=\"cmsmasters_owl_slider_item\"><!-- Start Posts Slider Post Article -->\n<article id=\"post-14450\" class=\"cmsmasters_slider_post post-14450 post type-post status-publish format-standard has-post-thumbnail hentry category-artigos tag-preenchimento-labial\">\n\t<div class=\"cmsmasters_slider_post_outer\">\n\t<div class=\"cmsmasters_slider_post_img_wrap\"><figure class=\"cmsmasters_img_rollover_wrap preloader\"><img decoding=\"async\" width=\"580\" height=\"360\" src=\"https:\/\/iomodontologia.com.br\/wp-content\/uploads\/2021\/11\/Preenchimento-labial-580x360.jpg\" class=\"full-width wp-post-image\" alt=\"Dica Dra. Analia sobre Preenchimento Labial\" title=\"Preenchimento-labial\" srcset=\"https:\/\/iomodontologia.com.br\/wp-content\/uploads\/2021\/11\/Preenchimento-labial-580x360.jpg 580w, https:\/\/iomodontologia.com.br\/wp-content\/uploads\/2021\/11\/Preenchimento-labial-18x10.jpg 18w\" sizes=\"(max-width: 580px) 100vw, 580px\" \/><div class=\"cmsmasters_img_rollover\"><a href=\"https:\/\/iomodontologia.com.br\/index.php\/2021\/11\/24\/dica-dra-analia-sobre-preenchimento-labial\/\" title=\"Dica Dra. Analia sobre Preenchimento Labial\" class=\"cmsmasters_open_link\"><\/a><\/div><\/figure><\/div><div class=\"cmsmasters_slider_post_inner\"><div class=\"cmsmasters_slider_post_inner_header\"><span class=\"cmsmasters_slider_post_date cmsmasters-icon-calendar-3\"><abbr class=\"published\" title=\"24 de novembro de 2021\"><span class=\"cmsmasters_day_mon\">novembro 24<\/span><span class=\"cmsmasters_year\">, 2021<\/span><\/abbr><abbr class=\"dn date updated\" title=\"24 de janeiro de 2022\">24 de janeiro de 2022<\/abbr><\/span><div class=\"cmsmasters_slider_post_meta_wrap entry-meta\"><span class=\"cmsmasters_comments cmsmasters_slider_post_comments\"><a class=\"cmsmasters_theme_icon_comment\" href=\"https:\/\/iomodontologia.com.br\/index.php\/2021\/11\/24\/dica-dra-analia-sobre-preenchimento-labial\/#respond\" title=\"Comment on Dica Dra. Analia sobre Preenchimento Labial\"><span>0 <\/span><\/a><\/span><\/div><\/div><header class=\"cmsmasters_slider_post_header entry-header\"><h4 class=\"cmsmasters_slider_post_title entry-title\"><a href=\"https:\/\/iomodontologia.com.br\/index.php\/2021\/11\/24\/dica-dra-analia-sobre-preenchimento-labial\/\">Dica Dra. Analia sobre Preenchimento Labial<\/a><\/h4><\/header><div class=\"cmsmasters_slider_post_content entry-content\">\n<p>A Dra. Analia King Rueda Rodrigues explica um pouco mais sobre Preenchimento Labial e alguns cuidados que se deve tomar...<\/p>\n<\/div>\n<\/div>\t<\/div>\n<\/article>\n<!-- Finish Posts Slider Post Article -->\n\n<\/div><div class=\"cmsmasters_owl_slider_item\"><!-- Start Posts Slider Post Article -->\n<article id=\"post-14436\" class=\"cmsmasters_slider_post post-14436 post type-post status-publish format-standard has-post-thumbnail hentry category-artigos tag-afta\">\n\t<div class=\"cmsmasters_slider_post_outer\">\n\t<div class=\"cmsmasters_slider_post_img_wrap\"><figure class=\"cmsmasters_img_rollover_wrap preloader\"><img decoding=\"async\" width=\"580\" height=\"360\" src=\"https:\/\/iomodontologia.com.br\/wp-content\/uploads\/2021\/09\/afta-580x360.jpg\" class=\"full-width wp-post-image\" alt=\"Afta\" title=\"afta\" srcset=\"https:\/\/iomodontologia.com.br\/wp-content\/uploads\/2021\/09\/afta-580x360.jpg 580w, https:\/\/iomodontologia.com.br\/wp-content\/uploads\/2021\/09\/afta-18x10.jpg 18w\" sizes=\"(max-width: 580px) 100vw, 580px\" \/><div class=\"cmsmasters_img_rollover\"><a href=\"https:\/\/iomodontologia.com.br\/index.php\/2021\/09\/20\/afta\/\" title=\"Afta\" class=\"cmsmasters_open_link\"><\/a><\/div><\/figure><\/div><div class=\"cmsmasters_slider_post_inner\"><div class=\"cmsmasters_slider_post_inner_header\"><span class=\"cmsmasters_slider_post_date cmsmasters-icon-calendar-3\"><abbr class=\"published\" title=\"20 de setembro de 2021\"><span class=\"cmsmasters_day_mon\">setembro 20<\/span><span class=\"cmsmasters_year\">, 2021<\/span><\/abbr><abbr class=\"dn date updated\" title=\"7 de fevereiro de 2022\">7 de fevereiro de 2022<\/abbr><\/span><div class=\"cmsmasters_slider_post_meta_wrap entry-meta\"><span class=\"cmsmasters_comments cmsmasters_slider_post_comments\"><a class=\"cmsmasters_theme_icon_comment\" href=\"https:\/\/iomodontologia.com.br\/index.php\/2021\/09\/20\/afta\/#respond\" title=\"Comment on Afta\"><span>0 <\/span><\/a><\/span><\/div><\/div><header class=\"cmsmasters_slider_post_header entry-header\"><h4 class=\"cmsmasters_slider_post_title entry-title\"><a href=\"https:\/\/iomodontologia.com.br\/index.php\/2021\/09\/20\/afta\/\">Afta<\/a><\/h4><\/header><div class=\"cmsmasters_slider_post_content entry-content\">\n<p>A afta \u00e9 uma ferida dolorosa na boca, de formato oval e de cor branca ou amarelada, rodeada por uma...<\/p>\n<\/div>\n<\/div>\t<\/div>\n<\/article>\n<!-- Finish Posts Slider Post Article -->\n\n<\/div><div class=\"cmsmasters_owl_slider_item\"><!-- Start Posts Slider Post Article -->\n<article id=\"post-14429\" class=\"cmsmasters_slider_post post-14429 post type-post status-publish format-standard has-post-thumbnail hentry category-artigos tag-piercing tag-piercing-na-boca\">\n\t<div class=\"cmsmasters_slider_post_outer\">\n\t<div class=\"cmsmasters_slider_post_img_wrap\"><figure class=\"cmsmasters_img_rollover_wrap preloader\"><img decoding=\"async\" width=\"580\" height=\"360\" src=\"https:\/\/iomodontologia.com.br\/wp-content\/uploads\/2021\/09\/piercing-580x360.jpg\" class=\"full-width wp-post-image\" alt=\"Piercing na Boca\" title=\"piercing\" srcset=\"https:\/\/iomodontologia.com.br\/wp-content\/uploads\/2021\/09\/piercing-580x360.jpg 580w, https:\/\/iomodontologia.com.br\/wp-content\/uploads\/2021\/09\/piercing-18x10.jpg 18w\" sizes=\"(max-width: 580px) 100vw, 580px\" \/><div class=\"cmsmasters_img_rollover\"><a href=\"https:\/\/iomodontologia.com.br\/index.php\/2021\/09\/13\/piercing-na-boca\/\" title=\"Piercing na Boca\" class=\"cmsmasters_open_link\"><\/a><\/div><\/figure><\/div><div class=\"cmsmasters_slider_post_inner\"><div class=\"cmsmasters_slider_post_inner_header\"><span class=\"cmsmasters_slider_post_date cmsmasters-icon-calendar-3\"><abbr class=\"published\" title=\"13 de setembro de 2021\"><span class=\"cmsmasters_day_mon\">setembro 13<\/span><span class=\"cmsmasters_year\">, 2021<\/span><\/abbr><abbr class=\"dn date updated\" title=\"7 de fevereiro de 2022\">7 de fevereiro de 2022<\/abbr><\/span><div class=\"cmsmasters_slider_post_meta_wrap entry-meta\"><span class=\"cmsmasters_comments cmsmasters_slider_post_comments\"><a class=\"cmsmasters_theme_icon_comment\" href=\"https:\/\/iomodontologia.com.br\/index.php\/2021\/09\/13\/piercing-na-boca\/#respond\" title=\"Comment on Piercing na Boca\"><span>0 <\/span><\/a><\/span><\/div><\/div><header class=\"cmsmasters_slider_post_header entry-header\"><h4 class=\"cmsmasters_slider_post_title entry-title\"><a href=\"https:\/\/iomodontologia.com.br\/index.php\/2021\/09\/13\/piercing-na-boca\/\">Piercing na Boca<\/a><\/h4><\/header><div class=\"cmsmasters_slider_post_content entry-content\">\n<p>Na adolesc\u00eancia que a garotada come\u00e7a a aderir aos piercings. O mais preocupante \u00e9 que nessa fase da vida nem...<\/p>\n<\/div>\n<\/div>\t<\/div>\n<\/article>\n<!-- Finish Posts Slider Post Article -->\n\n<\/div><\/div><\/div>\n<\/div><\/div>\n<div id=\"cmsmasters_column_b3ed4d68a4\" class=\"cmsmasters_column one_fourth\">\n<div class=\"cmsmasters_column_inner\"><div id=\"cmsmasters_fb_d5fc1bb7e9\" class=\"cmsmasters_featured_block\">\n<a href=\"https:\/\/iomodontologia.com.br\/index.php\/tratamento\/harmonizacao-facial\/\" class=\"featured_block_link\"><\/a><div class=\"featured_block_inner\">\n<div class=\"featured_block_text\">\n<p><span style=\"font-size: 26px;\"><span style=\"color: #ffffff;\">Harmoniza\u00e7\u00e3o Facial<\/span><br \/>\n<span style=\"font-size: 16px; color: #a8cbff;\">Saiba como funciona<\/span><\/span><\/p>\n\n<\/div>\n<\/div>\n<\/div>\n<\/div><\/div>\n<\/div>\n<\/div>\n<\/div>\n<\/div>\n<\/div>\n<div id=\"cmsmasters_row_3f2dc2778a\" class=\"cmsmasters_row cmsmasters_color_scheme_default cmsmasters_row_top_default cmsmasters_row_bot_default cmsmasters_row_fullwidth\">\n<div class=\"cmsmasters_row_outer_parent\">\n<div class=\"cmsmasters_row_outer\">\n<div class=\"cmsmasters_row_inner cmsmasters_row_fullwidth\">\n<div class=\"cmsmasters_row_margin\">\n<div id=\"cmsmasters_column_128ba93c7e\" class=\"cmsmasters_column one_first\">\n<div class=\"cmsmasters_column_inner\">\n<div id=\"cmsmasters_divider_6cd7037e64\" class=\"cmsmasters_divider cmsmasters_divider_width_long cmsmasters_divider_pos_center\"><\/div>\n<\/div><\/div>\n<\/div>\n<\/div>\n<\/div>\n<\/div>\n<\/div>\n<div id=\"cmsmasters_row_6e0fc075fd\" class=\"cmsmasters_row cmsmasters_color_scheme_second cmsmasters_row_top_default cmsmasters_row_bot_default cmsmasters_row_boxed\">\n<div class=\"cmsmasters_row_outer_parent\">\n<div class=\"cmsmasters_row_outer\">\n<div class=\"cmsmasters_row_inner\">\n<div class=\"cmsmasters_row_margin\">\n<div id=\"cmsmasters_column_48dea7fff7\" class=\"cmsmasters_column one_half\">\n<div class=\"cmsmasters_column_inner\"><div id=\"cmsmasters_fb_fbe0017b08\" class=\"cmsmasters_featured_block cmsmasters_make_an_appointment\">\n<div class=\"featured_block_inner\">\n<div class=\"featured_block_text\">\n<div id=\"cmsmasters_heading_74905cdcb5\" class=\"cmsmasters_heading_wrap cmsmasters_heading_align_left\">\n\t<h3 class=\"cmsmasters_heading\"> Pr\u00e9-Agendamento<\/h3>\n<\/div><div class=\"cmsmasters_contact_form\">\n<div class=\"wpcf7 no-js\" id=\"wpcf7-f12468-o1\" lang=\"en-US\" dir=\"ltr\" data-wpcf7-id=\"12468\">\n<div class=\"screen-reader-response\"><p role=\"status\" aria-live=\"polite\" aria-atomic=\"true\"><\/p> <ul><\/ul><\/div>\n<form action=\"\/index.php\/wp-json\/wp\/v2\/pages\/7366#wpcf7-f12468-o1\" method=\"post\" class=\"wpcf7-form init\" aria-label=\"Contact form\" novalidate=\"novalidate\" data-status=\"init\">\n<fieldset class=\"hidden-fields-container\"><input type=\"hidden\" name=\"_wpcf7\" value=\"12468\" \/><input type=\"hidden\" name=\"_wpcf7_version\" value=\"6.1.5\" \/><input type=\"hidden\" name=\"_wpcf7_locale\" value=\"en_US\" \/><input type=\"hidden\" name=\"_wpcf7_unit_tag\" value=\"wpcf7-f12468-o1\" \/><input type=\"hidden\" name=\"_wpcf7_container_post\" value=\"0\" \/><input type=\"hidden\" name=\"_wpcf7_posted_data_hash\" value=\"\" \/><input type=\"hidden\" name=\"_wpcf7_recaptcha_response\" value=\"\" \/>\n<\/fieldset>\n<div class=\"cmsmasters_row_margin cmsmasters_1212\">\n\t<div class=\"cmsmasters_column one_half\">\n\t\t<p><br \/>\n<span class=\"wpcf7-form-control-wrap\" data-name=\"menu-372\"><select class=\"wpcf7-form-control wpcf7-select\" aria-invalid=\"false\" name=\"menu-372\"><option value=\"Selecione Departamento\">Selecione Departamento<\/option><option value=\"Endodontia\">Endodontia<\/option><option value=\"Pr\u00f3teses e Reabilita\u00e7\u00e3o Oral\">Pr\u00f3teses e Reabilita\u00e7\u00e3o Oral<\/option><option value=\"Implante\">Implante<\/option><option value=\"Ortodontia\">Ortodontia<\/option><option value=\"Ortopedia\">Ortopedia<\/option><option value=\"Harmoniza\u00e7\u00e3o Facial\">Harmoniza\u00e7\u00e3o Facial<\/option><\/select><\/span>\n\t\t<\/p>\n\t\t<p><br \/>\n<span class=\"wpcf7-form-control-wrap\" data-name=\"your-name\"><input size=\"40\" maxlength=\"400\" class=\"wpcf7-form-control wpcf7-text\" aria-invalid=\"false\" placeholder=\"Nome Completo\" value=\"\" type=\"text\" name=\"your-name\" \/><\/span>\n\t\t<\/p>\n\t\t<p><br \/>\n<span class=\"wpcf7-form-control-wrap\" data-name=\"your-email\"><input size=\"40\" maxlength=\"400\" class=\"wpcf7-form-control wpcf7-text\" aria-invalid=\"false\" placeholder=\"Email\" value=\"\" type=\"text\" name=\"your-email\" \/><\/span>\n\t\t<\/p>\n\t<\/div>\n\t<div class=\"cmsmasters_column one_half\">\n\t\t<p><br \/>\n<span class=\"wpcf7-form-control-wrap\" data-name=\"menu-373\"><select class=\"wpcf7-form-control wpcf7-select\" aria-invalid=\"false\" name=\"menu-373\"><option value=\"Selecione Doutor(a)\">Selecione Doutor(a)<\/option><option value=\"Dr. Alexandre Balbi\">Dr. Alexandre Balbi<\/option><option value=\"Dra. Christiane Aparecida Santos Miyazaki\">Dra. Christiane Aparecida Santos Miyazaki<\/option><option value=\"Dra Renata Faganelli\">Dra Renata Faganelli<\/option><option value=\"Dra. Claudia Nascimento\">Dra. Claudia Nascimento<\/option><option value=\"Dr. Jo\u00e3o Vitor Palazzi\">Dr. Jo\u00e3o Vitor Palazzi<\/option><option value=\"Dra. Beatriz Cardoso\">Dra. Beatriz Cardoso<\/option><option value=\"Dra. Nilza Oliveira\">Dra. Nilza Oliveira<\/option><\/select><\/span>\n\t\t<\/p>\n\t\t<p><br \/>\n<span class=\"wpcf7-form-control-wrap\" data-name=\"phone\"><input size=\"40\" maxlength=\"400\" class=\"wpcf7-form-control wpcf7-tel wpcf7-text wpcf7-validates-as-tel\" aria-invalid=\"false\" placeholder=\"Telefone\" value=\"\" type=\"tel\" name=\"phone\" \/><\/span>\n\t\t<\/p>\n\t\t<p><span class=\"wpcf7-form-control-wrap\" data-name=\"date\"><input class=\"wpcf7-form-control wpcf7-date wpcf7-validates-as-required wpcf7-validates-as-date\" aria-required=\"true\" aria-invalid=\"false\" value=\"\" type=\"date\" name=\"date\" \/><\/span>\n\t\t<\/p>\n\t<\/div>\n<\/div>\n<div class=\"cmsmasters_row_margin cmsmasters_11\">\n\t<div class=\"cmsmasters_column one_first\">\n\t\t<p><input class=\"wpcf7-form-control wpcf7-submit has-spinner\" type=\"submit\" value=\"Pr\u00e9-agendamento\" \/>\n\t\t<\/p>\n\t<\/div>\n<\/div><div class=\"wpcf7-response-output\" aria-hidden=\"true\"><\/div>\n<\/form>\n<\/div>\n<\/div>\n\n<\/div>\n<\/div>\n<\/div>\n<\/div><\/div>\n<div id=\"cmsmasters_column_e0520c35b3\" class=\"cmsmasters_column one_half\">\n<div class=\"cmsmasters_column_inner\"><div id=\"cmsmasters_heading_247dfc6590\" class=\"cmsmasters_heading_wrap cmsmasters_heading_align_left\">\n\t<h3 class=\"cmsmasters_heading\">FAQ<\/h3>\n<\/div><div id=\"cmsmasters_heading_55c464d7ba\" class=\"cmsmasters_heading_wrap cmsmasters_heading_align_left\">\n\t<h3 class=\"cmsmasters_heading\">Alguma Pergunta?<\/h3>\n<\/div><div class=\"cmsmasters_toggles toggles_mode_accordion\">\n<div class=\"cmsmasters_toggle_wrap\" data-tags=\"all \">\n<div class=\"cmsmasters_toggle_title\">\n<span class=\"cmsmasters_toggle_plus\">\n<span class=\"cmsmasters_toggle_plus_hor\"><\/span>\n<span class=\"cmsmasters_toggle_plus_vert\"><\/span>\n<\/span>\n<a href=\"#\">Qual hor\u00e1rio de funcionamento da Cl\u00ednica? <\/a>\n<\/div>\n<div class=\"cmsmasters_toggle\">\n<div class=\"cmsmasters_toggle_inner\">\n<p>Das 8 as 18h de segunda a sexta e das 8 as 12h s\u00e1bado<\/p>\n<\/div>\n<\/div>\n<\/div><div class=\"cmsmasters_toggle_wrap\" data-tags=\"all \">\n<div class=\"cmsmasters_toggle_title\">\n<span class=\"cmsmasters_toggle_plus\">\n<span class=\"cmsmasters_toggle_plus_hor\"><\/span>\n<span class=\"cmsmasters_toggle_plus_vert\"><\/span>\n<\/span>\n<a href=\"#\">Voc\u00eas passam pre\u00e7o por telefone?<\/a>\n<\/div>\n<div class=\"cmsmasters_toggle\">\n<div class=\"cmsmasters_toggle_inner\">\n<p>N\u00e3o, \u00e9 preciso passar por avalia\u00e7\u00e3o para podermos saber exatamente a sua necessidade.<\/p>\n<\/div>\n<\/div>\n<\/div><div class=\"cmsmasters_toggle_wrap\" data-tags=\"all \">\n<div class=\"cmsmasters_toggle_title\">\n<span class=\"cmsmasters_toggle_plus\">\n<span class=\"cmsmasters_toggle_plus_hor\"><\/span>\n<span class=\"cmsmasters_toggle_plus_vert\"><\/span>\n<\/span>\n<a href=\"#\"> Qual o valor da avali\u00e7\u00e3o?<\/a>\n<\/div>\n<div class=\"cmsmasters_toggle\">\n<div class=\"cmsmasters_toggle_inner\">\n<p>N\u00e3o cobramos avalia\u00e7\u00e3o.<\/p>\n<\/div>\n<\/div>\n<\/div><div class=\"cmsmasters_toggle_wrap\" data-tags=\"all \">\n<div class=\"cmsmasters_toggle_title\">\n<span class=\"cmsmasters_toggle_plus\">\n<span class=\"cmsmasters_toggle_plus_hor\"><\/span>\n<span class=\"cmsmasters_toggle_plus_vert\"><\/span>\n<\/span>\n<a href=\"#\">Quais especialidades voc\u00eas atendem? <\/a>\n<\/div>\n<div class=\"cmsmasters_toggle\">\n<div class=\"cmsmasters_toggle_inner\">\n<p>Implante, Pr\u00f3tese, Reabilita\u00e7\u00e3o Oral, Cirurgia, Endodontia, Periodontia, Ortodontia, Harmoniza\u00e7\u00e3o Facial, Dentistica<\/p>\n<\/div>\n<\/div>\n<\/div><\/div><div id=\"cmsmasters_heading_933urjze6\" class=\"cmsmasters_heading_wrap cmsmasters_heading_align_left\">\n\t<h3 class=\"cmsmasters_heading\"><\/h3>\n<\/div><div id=\"cmsmasters_button_2bnbayrqjz\" class=\"button_wrap\"><a href=\"https:\/\/iomodontologia.com.br\/index.php\/faq\/\" class=\"cmsmasters_button\"><span>Veja mais<\/span><\/a><\/div>\n<\/div><\/div>\n<\/div>\n<\/div>\n<\/div>\n<\/div>\n<\/div>\n<div id=\"cmsmasters_row_b8a75510cd\" class=\"cmsmasters_row cmsmasters_color_scheme_default cmsmasters_row_top_default cmsmasters_row_bot_default cmsmasters_row_fullwidth\">\n<div class=\"cmsmasters_row_outer_parent\">\n<div class=\"cmsmasters_row_outer\">\n<div class=\"cmsmasters_row_inner cmsmasters_row_fullwidth\">\n<div class=\"cmsmasters_row_margin\">\n<div id=\"cmsmasters_column_39d3bf6b51\" class=\"cmsmasters_column one_first\">\n<div class=\"cmsmasters_column_inner\">\n<div id=\"cmsmasters_divider_c7d0b4e6da\" class=\"cmsmasters_divider cmsmasters_divider_width_long cmsmasters_divider_pos_center\"><\/div>\n<\/div><\/div>\n<\/div>\n<\/div>\n<\/div>\n<\/div>\n<\/div>\n<div id=\"cmsmasters_row_66f60ead5f\" class=\"cmsmasters_row cmsmasters_color_scheme_default cmsmasters_row_top_default cmsmasters_row_bot_default cmsmasters_row_boxed\">\n<div class=\"cmsmasters_row_outer_parent\">\n<div class=\"cmsmasters_row_outer\">\n<div class=\"cmsmasters_row_inner\">\n<div class=\"cmsmasters_row_margin\">\n<div id=\"cmsmasters_column_109c1275fe\" class=\"cmsmasters_column one_first\">\n<div class=\"cmsmasters_column_inner\"><div id=\"cmsmasters_heading_c5a64c4f7f\" class=\"cmsmasters_heading_wrap cmsmasters_heading_align_left\">\n\t<h1 class=\"cmsmasters_heading\">Parceiros<\/h1>\n<\/div><div class=\"cmsmasters_clients_grid_wrap\">\n<div id=\"cmsmasters_clients_ecad68b206\" class=\"cmsmasters_clients_grid clients_five\">\n<div class=\"cmsmasters_clients_items slides\">\n<div class=\"cmsmasters_clients_item item\"><a href=\"https:\/\/crom.com.br\/\" target=\"_blank\"><img decoding=\"async\" src=\"https:\/\/iomodontologia.com.br\/wp-content\/uploads\/2021\/03\/sat-crom.jpg\" alt=\"CROM\" title=\"CROM\" \/><\/a><\/div><\/div>\n<\/div>\n<\/div>\n<\/div><\/div>\n<\/div>\n<\/div>\n<\/div>\n<\/div>\n<\/div>\n<div id=\"cmsmasters_row_0111b618fc\" class=\"cmsmasters_row cmsmasters_color_scheme_default cmsmasters_row_top_default cmsmasters_row_bot_default cmsmasters_row_boxed\">\n<div class=\"cmsmasters_row_outer_parent\">\n<div class=\"cmsmasters_row_outer\">\n<div class=\"cmsmasters_row_inner\">\n<div class=\"cmsmasters_row_margin\">\n<div id=\"cmsmasters_column_7eb76db5ac\" class=\"cmsmasters_column one_half\">\n<div class=\"cmsmasters_column_inner\"><div id=\"cmsmasters_heading_3dde83d4ed\" class=\"cmsmasters_heading_wrap cmsmasters_heading_align_left\">\n\t<h1 class=\"cmsmasters_heading\">Inscreva-se na Newsletter<\/h1>\n<\/div><div id=\"cmsmasters_heading_d2baf11a8e\" class=\"cmsmasters_heading_wrap cmsmasters_heading_align_left\">\n\t<h3 class=\"cmsmasters_heading\">Receba not\u00edcias do IOM, novidades, dicas e informa\u00e7\u00f5es!<\/h3>\n<\/div>\n<\/div><\/div>\n<div id=\"cmsmasters_column_61120836bf\" class=\"cmsmasters_column one_half\">\n<div class=\"cmsmasters_column_inner\"><div class=\"cmsmasters_text\">\n<p><script>(function() {\n\twindow.mc4wp = window.mc4wp || {\n\t\tlisteners: [],\n\t\tforms: {\n\t\t\ton: function(evt, cb) {\n\t\t\t\twindow.mc4wp.listeners.push(\n\t\t\t\t\t{\n\t\t\t\t\t\tevent   : evt,\n\t\t\t\t\t\tcallback: cb\n\t\t\t\t\t}\n\t\t\t\t);\n\t\t\t}\n\t\t}\n\t}\n})();\n<\/script><!-- Mailchimp for WordPress v4.10.1 - https:\/\/wordpress.org\/plugins\/mailchimp-for-wp\/ --><form id=\"mc4wp-form-1\" class=\"mc4wp-form mc4wp-form-14174\" method=\"post\" data-id=\"14174\" data-name=\"Newsletter\" ><div class=\"mc4wp-form-fields\"><p>\r\n\t<label>\r\n\t\t<input type=\"email\" name=\"Email\" placeholder=\"Seu email\" required \/>\r\n<\/label><input type=\"submit\" value=\"Inscreva-se\" \/>\r\n<\/p><\/div><label style=\"display: none !important;\">Leave this field empty if you're human: <input type=\"text\" name=\"_mc4wp_honeypot\" value=\"\" tabindex=\"-1\" autocomplete=\"off\" \/><\/label><input type=\"hidden\" name=\"_mc4wp_timestamp\" value=\"1777264559\" \/><input type=\"hidden\" name=\"_mc4wp_form_id\" value=\"14174\" \/><input type=\"hidden\" name=\"_mc4wp_form_element_id\" value=\"mc4wp-form-1\" \/><div class=\"mc4wp-response\"><\/div><\/form><!-- \/ Mailchimp for WordPress Plugin --><\/p>\n<\/div>\n<\/div><\/div>\n<\/div>\n<\/div>\n<\/div>\n<\/div>\n<\/div>\n\n","protected":false},"excerpt":{"rendered":"","protected":false},"author":1,"featured_media":0,"parent":0,"menu_order":0,"comment_status":"closed","ping_status":"closed","template":"","meta":{"_joinchat":[],"footnotes":""},"class_list":["post-7366","page","type-page","status-publish","hentry"],"yoast_head":"<!-- This site is optimized with the Yoast SEO plugin v26.8 - https:\/\/yoast.com\/product\/yoast-seo-wordpress\/ -->\n<title>Home - IOM - INSTITUTO ODONTOL\u00d3GICO<\/title>\n<meta name=\"robots\" content=\"index, follow, max-snippet:-1, max-image-preview:large, max-video-preview:-1\" \/>\n<link rel=\"canonical\" href=\"https:\/\/iomodontologia.com.br\/\" \/>\n<meta property=\"og:locale\" content=\"pt_BR\" \/>\n<meta property=\"og:type\" content=\"article\" \/>\n<meta property=\"og:title\" content=\"Home - IOM - INSTITUTO ODONTOL\u00d3GICO\" \/>\n<meta property=\"og:url\" content=\"https:\/\/iomodontologia.com.br\/\" \/>\n<meta property=\"og:site_name\" content=\"IOM - INSTITUTO ODONTOL\u00d3GICO\" \/>\n<meta property=\"article:publisher\" content=\"https:\/\/www.facebook.com\/iomodontologia\" \/>\n<meta property=\"article:modified_time\" content=\"2023-07-18T13:58:50+00:00\" \/>\n<meta name=\"twitter:card\" content=\"summary_large_image\" \/>\n<meta name=\"twitter:label1\" content=\"Est. tempo de leitura\" \/>\n\t<meta name=\"twitter:data1\" content=\"8 minutos\" \/>\n<script type=\"application\/ld+json\" class=\"yoast-schema-graph\">{\"@context\":\"https:\/\/schema.org\",\"@graph\":[{\"@type\":\"WebPage\",\"@id\":\"https:\/\/iomodontologia.com.br\/\",\"url\":\"https:\/\/iomodontologia.com.br\/\",\"name\":\"Home - IOM - INSTITUTO ODONTOL\u00d3GICO\",\"isPartOf\":{\"@id\":\"https:\/\/iomodontologia.com.br\/#website\"},\"datePublished\":\"2017-01-18T08:37:53+00:00\",\"dateModified\":\"2023-07-18T13:58:50+00:00\",\"breadcrumb\":{\"@id\":\"https:\/\/iomodontologia.com.br\/#breadcrumb\"},\"inLanguage\":\"pt-BR\",\"potentialAction\":[{\"@type\":\"ReadAction\",\"target\":[\"https:\/\/iomodontologia.com.br\/\"]}]},{\"@type\":\"BreadcrumbList\",\"@id\":\"https:\/\/iomodontologia.com.br\/#breadcrumb\",\"itemListElement\":[{\"@type\":\"ListItem\",\"position\":1,\"name\":\"Home\",\"item\":\"https:\/\/iomodontologia.com.br\/\"},{\"@type\":\"ListItem\",\"position\":2,\"name\":\"Home\"}]},{\"@type\":\"WebSite\",\"@id\":\"https:\/\/iomodontologia.com.br\/#website\",\"url\":\"https:\/\/iomodontologia.com.br\/\",\"name\":\"IOM - INSTITUTO ODONTOL\u00d3GICO\",\"description\":\"CL\u00cdNICA ODONTOL\u00d3GICA\",\"publisher\":{\"@id\":\"https:\/\/iomodontologia.com.br\/#organization\"},\"potentialAction\":[{\"@type\":\"SearchAction\",\"target\":{\"@type\":\"EntryPoint\",\"urlTemplate\":\"https:\/\/iomodontologia.com.br\/?s={search_term_string}\"},\"query-input\":{\"@type\":\"PropertyValueSpecification\",\"valueRequired\":true,\"valueName\":\"search_term_string\"}}],\"inLanguage\":\"pt-BR\"},{\"@type\":\"Organization\",\"@id\":\"https:\/\/iomodontologia.com.br\/#organization\",\"name\":\"IOM - Instituto Odontol\u00f3gico Mogiano\",\"url\":\"https:\/\/iomodontologia.com.br\/\",\"logo\":{\"@type\":\"ImageObject\",\"inLanguage\":\"pt-BR\",\"@id\":\"https:\/\/iomodontologia.com.br\/#\/schema\/logo\/image\/\",\"url\":\"https:\/\/iomodontologia.com.br\/wp-content\/uploads\/2019\/11\/IOM-Logo-slogan.png\",\"contentUrl\":\"https:\/\/iomodontologia.com.br\/wp-content\/uploads\/2019\/11\/IOM-Logo-slogan.png\",\"width\":2000,\"height\":858,\"caption\":\"IOM - Instituto Odontol\u00f3gico Mogiano\"},\"image\":{\"@id\":\"https:\/\/iomodontologia.com.br\/#\/schema\/logo\/image\/\"},\"sameAs\":[\"https:\/\/www.facebook.com\/iomodontologia\",\"https:\/\/www.instagram.com\/iom.odonto\"]}]}<\/script>\n<!-- \/ Yoast SEO plugin. -->","yoast_head_json":{"title":"Home - IOM - INSTITUTO ODONTOL\u00d3GICO","robots":{"index":"index","follow":"follow","max-snippet":"max-snippet:-1","max-image-preview":"max-image-preview:large","max-video-preview":"max-video-preview:-1"},"canonical":"https:\/\/iomodontologia.com.br\/","og_locale":"pt_BR","og_type":"article","og_title":"Home - IOM - INSTITUTO ODONTOL\u00d3GICO","og_url":"https:\/\/iomodontologia.com.br\/","og_site_name":"IOM - INSTITUTO ODONTOL\u00d3GICO","article_publisher":"https:\/\/www.facebook.com\/iomodontologia","article_modified_time":"2023-07-18T13:58:50+00:00","twitter_card":"summary_large_image","twitter_misc":{"Est. tempo de leitura":"8 minutos"},"schema":{"@context":"https:\/\/schema.org","@graph":[{"@type":"WebPage","@id":"https:\/\/iomodontologia.com.br\/","url":"https:\/\/iomodontologia.com.br\/","name":"Home - IOM - INSTITUTO ODONTOL\u00d3GICO","isPartOf":{"@id":"https:\/\/iomodontologia.com.br\/#website"},"datePublished":"2017-01-18T08:37:53+00:00","dateModified":"2023-07-18T13:58:50+00:00","breadcrumb":{"@id":"https:\/\/iomodontologia.com.br\/#breadcrumb"},"inLanguage":"pt-BR","potentialAction":[{"@type":"ReadAction","target":["https:\/\/iomodontologia.com.br\/"]}]},{"@type":"BreadcrumbList","@id":"https:\/\/iomodontologia.com.br\/#breadcrumb","itemListElement":[{"@type":"ListItem","position":1,"name":"Home","item":"https:\/\/iomodontologia.com.br\/"},{"@type":"ListItem","position":2,"name":"Home"}]},{"@type":"WebSite","@id":"https:\/\/iomodontologia.com.br\/#website","url":"https:\/\/iomodontologia.com.br\/","name":"IOM - INSTITUTO ODONTOL\u00d3GICO","description":"CL\u00cdNICA ODONTOL\u00d3GICA","publisher":{"@id":"https:\/\/iomodontologia.com.br\/#organization"},"potentialAction":[{"@type":"SearchAction","target":{"@type":"EntryPoint","urlTemplate":"https:\/\/iomodontologia.com.br\/?s={search_term_string}"},"query-input":{"@type":"PropertyValueSpecification","valueRequired":true,"valueName":"search_term_string"}}],"inLanguage":"pt-BR"},{"@type":"Organization","@id":"https:\/\/iomodontologia.com.br\/#organization","name":"IOM - Instituto Odontol\u00f3gico Mogiano","url":"https:\/\/iomodontologia.com.br\/","logo":{"@type":"ImageObject","inLanguage":"pt-BR","@id":"https:\/\/iomodontologia.com.br\/#\/schema\/logo\/image\/","url":"https:\/\/iomodontologia.com.br\/wp-content\/uploads\/2019\/11\/IOM-Logo-slogan.png","contentUrl":"https:\/\/iomodontologia.com.br\/wp-content\/uploads\/2019\/11\/IOM-Logo-slogan.png","width":2000,"height":858,"caption":"IOM - Instituto Odontol\u00f3gico Mogiano"},"image":{"@id":"https:\/\/iomodontologia.com.br\/#\/schema\/logo\/image\/"},"sameAs":["https:\/\/www.facebook.com\/iomodontologia","https:\/\/www.instagram.com\/iom.odonto"]}]}},"_links":{"self":[{"href":"https:\/\/iomodontologia.com.br\/index.php\/wp-json\/wp\/v2\/pages\/7366","targetHints":{"allow":["GET"]}}],"collection":[{"href":"https:\/\/iomodontologia.com.br\/index.php\/wp-json\/wp\/v2\/pages"}],"about":[{"href":"https:\/\/iomodontologia.com.br\/index.php\/wp-json\/wp\/v2\/types\/page"}],"author":[{"embeddable":true,"href":"https:\/\/iomodontologia.com.br\/index.php\/wp-json\/wp\/v2\/users\/1"}],"replies":[{"embeddable":true,"href":"https:\/\/iomodontologia.com.br\/index.php\/wp-json\/wp\/v2\/comments?post=7366"}],"version-history":[{"count":46,"href":"https:\/\/iomodontologia.com.br\/index.php\/wp-json\/wp\/v2\/pages\/7366\/revisions"}],"predecessor-version":[{"id":14688,"href":"https:\/\/iomodontologia.com.br\/index.php\/wp-json\/wp\/v2\/pages\/7366\/revisions\/14688"}],"wp:attachment":[{"href":"https:\/\/iomodontologia.com.br\/index.php\/wp-json\/wp\/v2\/media?parent=7366"}],"curies":[{"name":"wp","href":"https:\/\/api.w.org\/{rel}","templated":true}]}}