{"version":"1.0","provider_name":"IOM - INSTITUTO ODONTOL\u00d3GICO","provider_url":"https:\/\/iomodontologia.com.br","author_name":"IOM","author_url":"https:\/\/iomodontologia.com.br\/index.php\/author\/iom\/","title":"Cuidados na reabilita\u00e7\u00e3o oral com pr\u00f3teses - IOM - INSTITUTO ODONTOL\u00d3GICO","type":"rich","width":600,"height":338,"html":"<blockquote class=\"wp-embedded-content\" data-secret=\"W8VSEXBWBI\"><a href=\"https:\/\/iomodontologia.com.br\/index.php\/2019\/04\/23\/cuidados-na-reabilitacao-oral-com-proteses\/\">Cuidados na reabilita\u00e7\u00e3o oral com pr\u00f3teses<\/a><\/blockquote><iframe sandbox=\"allow-scripts\" security=\"restricted\" src=\"https:\/\/iomodontologia.com.br\/index.php\/2019\/04\/23\/cuidados-na-reabilitacao-oral-com-proteses\/embed\/#?secret=W8VSEXBWBI\" width=\"600\" height=\"338\" title=\"&#8220;Cuidados na reabilita\u00e7\u00e3o oral com pr\u00f3teses&#8221; &#8212; IOM - INSTITUTO ODONTOL\u00d3GICO\" data-secret=\"W8VSEXBWBI\" frameborder=\"0\" marginwidth=\"0\" marginheight=\"0\" scrolling=\"no\" class=\"wp-embedded-content\"><\/iframe><script type=\"text\/javascript\">\n\/* <![CDATA[ *\/\n\/*! This file is auto-generated *\/\n!function(d,l){\"use strict\";l.querySelector&&d.addEventListener&&\"undefined\"!=typeof URL&&(d.wp=d.wp||{},d.wp.receiveEmbedMessage||(d.wp.receiveEmbedMessage=function(e){var t=e.data;if((t||t.secret||t.message||t.value)&&!\/[^a-zA-Z0-9]\/.test(t.secret)){for(var s,r,n,a=l.querySelectorAll('iframe[data-secret=\"'+t.secret+'\"]'),o=l.querySelectorAll('blockquote[data-secret=\"'+t.secret+'\"]'),c=new RegExp(\"^https?:$\",\"i\"),i=0;i<o.length;i++)o[i].style.display=\"none\";for(i=0;i<a.length;i++)s=a[i],e.source===s.contentWindow&&(s.removeAttribute(\"style\"),\"height\"===t.message?(1e3<(r=parseInt(t.value,10))?r=1e3:~~r<200&&(r=200),s.height=r):\"link\"===t.message&&(r=new URL(s.getAttribute(\"src\")),n=new URL(t.value),c.test(n.protocol))&&n.host===r.host&&l.activeElement===s&&(d.top.location.href=t.value))}},d.addEventListener(\"message\",d.wp.receiveEmbedMessage,!1),l.addEventListener(\"DOMContentLoaded\",function(){for(var e,t,s=l.querySelectorAll(\"iframe.wp-embedded-content\"),r=0;r<s.length;r++)(t=(e=s[r]).getAttribute(\"data-secret\"))||(t=Math.random().toString(36).substring(2,12),e.src+=\"#?secret=\"+t,e.setAttribute(\"data-secret\",t)),e.contentWindow.postMessage({message:\"ready\",secret:t},\"*\")},!1)))}(window,document);\n\/* ]]> *\/\n<\/script>\n","thumbnail_url":"https:\/\/iomodontologia.com.br\/wp-content\/uploads\/2019\/04\/dd84edf6-77ac-44f1-a747-c43ee767136e.jpg","thumbnail_width":1080,"thumbnail_height":1080,"description":"Conhe\u00e7a os cuidados na reabilita\u00e7\u00e3o oral com pr\u00f3teses O uso de pr\u00f3teses inadequadas pode acabar provocando impactos negativos na vida do paciente, tanto na sa\u00fade como esteticamente. Nesses casos, \u00e9 necess\u00e1ria a reabilita\u00e7\u00e3o oral com pr\u00f3teses, que consiste basicamente em recuperar a sa\u00fade bucal do paciente levando em conta: mastiga\u00e7\u00e3o, est\u00e9tica e sa\u00fade. Para isso,..."}